{"id":385,"date":"2024-05-13T17:31:28","date_gmt":"2024-05-13T17:31:28","guid":{"rendered":"https:\/\/www.redconare.ac.cr\/?page_id=385"},"modified":"2024-11-13T11:48:36","modified_gmt":"2024-11-13T17:48:36","slug":"academia-copernicus-costa-rica","status":"publish","type":"page","link":"https:\/\/www.redconare.ac.cr\/en\/academia-copernicus-costa-rica\/","title":{"rendered":"Copernicus Academy Costa Rica"},"content":{"rendered":"<div data-elementor-type=\"wp-page\" data-elementor-id=\"385\" class=\"elementor elementor-385\">\n\t\t\t\t\t\t<section class=\"elementor-section elementor-top-section elementor-element elementor-element-c5b9f6d elementor-section-boxed elementor-section-height-default elementor-section-height-default\" data-id=\"c5b9f6d\" data-element_type=\"section\">\n\t\t\t\t\t\t<div class=\"elementor-container elementor-column-gap-default\">\n\t\t\t\t\t<div class=\"elementor-column elementor-col-100 elementor-top-column elementor-element elementor-element-b2c37b1\" data-id=\"b2c37b1\" data-element_type=\"column\">\n\t\t\t<div class=\"elementor-widget-wrap elementor-element-populated\">\n\t\t\t\t\t\t<div class=\"elementor-element elementor-element-2dc7b8b elementor-widget elementor-widget-heading\" data-id=\"2dc7b8b\" data-element_type=\"widget\" data-widget_type=\"heading.default\">\n\t\t\t\t<div class=\"elementor-widget-container\">\n\t\t\t\t\t<h2 class=\"elementor-heading-title elementor-size-default\">Virtual Webinar<\/h2>\t\t\t\t<\/div>\n\t\t\t\t<\/div>\n\t\t\t\t\t<\/div>\n\t\t<\/div>\n\t\t\t\t\t<\/div>\n\t\t<\/section>\n\t\t\t\t<section class=\"elementor-section elementor-top-section elementor-element elementor-element-7ba6ac0 elementor-section-boxed elementor-section-height-default elementor-section-height-default\" data-id=\"7ba6ac0\" data-element_type=\"section\">\n\t\t\t\t\t\t<div class=\"elementor-container elementor-column-gap-default\">\n\t\t\t\t\t<div class=\"elementor-column elementor-col-100 elementor-top-column elementor-element elementor-element-55e5c55\" data-id=\"55e5c55\" data-element_type=\"column\">\n\t\t\t<div class=\"elementor-widget-wrap elementor-element-populated\">\n\t\t\t\t\t\t<div class=\"elementor-element elementor-element-fd88a3a elementor-widget elementor-widget-video\" data-id=\"fd88a3a\" data-element_type=\"widget\" data-settings=\"{&quot;youtube_url&quot;:&quot;https:\\\/\\\/youtu.be\\\/8qj83vM9v5c?t=358&quot;,&quot;video_type&quot;:&quot;youtube&quot;,&quot;controls&quot;:&quot;yes&quot;}\" data-widget_type=\"video.default\">\n\t\t\t\t<div class=\"elementor-widget-container\">\n\t\t\t\t\t\t\t<div class=\"elementor-wrapper elementor-open-inline\">\n\t\t\t<div class=\"elementor-video\"><\/div>\t\t<\/div>\n\t\t\t\t\t\t<\/div>\n\t\t\t\t<\/div>\n\t\t\t\t\t<\/div>\n\t\t<\/div>\n\t\t\t\t\t<\/div>\n\t\t<\/section>\n\t\t\t\t<section class=\"elementor-section elementor-top-section elementor-element elementor-element-1e76793 elementor-section-boxed elementor-section-height-default elementor-section-height-default\" data-id=\"1e76793\" data-element_type=\"section\">\n\t\t\t\t\t\t<div class=\"elementor-container elementor-column-gap-default\">\n\t\t\t\t\t<div class=\"elementor-column elementor-col-100 elementor-top-column elementor-element elementor-element-99e507a\" data-id=\"99e507a\" data-element_type=\"column\">\n\t\t\t<div class=\"elementor-widget-wrap elementor-element-populated\">\n\t\t\t\t\t\t<div class=\"elementor-element elementor-element-8b48601 elementor-widget-divider--view-line elementor-widget elementor-widget-divider\" data-id=\"8b48601\" data-element_type=\"widget\" data-widget_type=\"divider.default\">\n\t\t\t\t<div class=\"elementor-widget-container\">\n\t\t\t\t\t\t\t<div class=\"elementor-divider\">\n\t\t\t<span class=\"elementor-divider-separator\">\n\t\t\t\t\t\t<\/span>\n\t\t<\/div>\n\t\t\t\t\t\t<\/div>\n\t\t\t\t<\/div>\n\t\t\t\t\t<\/div>\n\t\t<\/div>\n\t\t\t\t\t<\/div>\n\t\t<\/section>\n\t\t\t\t<section class=\"elementor-section elementor-top-section elementor-element elementor-element-5991b8c elementor-section-boxed elementor-section-height-default elementor-section-height-default\" data-id=\"5991b8c\" data-element_type=\"section\">\n\t\t\t\t\t\t<div class=\"elementor-container elementor-column-gap-default\">\n\t\t\t\t\t<div class=\"elementor-column elementor-col-100 elementor-top-column elementor-element elementor-element-e09fec1\" data-id=\"e09fec1\" data-element_type=\"column\">\n\t\t\t<div class=\"elementor-widget-wrap elementor-element-populated\">\n\t\t\t\t\t\t<div class=\"elementor-element elementor-element-40bb03f elementor-widget elementor-widget-heading\" data-id=\"40bb03f\" data-element_type=\"widget\" data-widget_type=\"heading.default\">\n\t\t\t\t<div class=\"elementor-widget-container\">\n\t\t\t\t\t<h2 class=\"elementor-heading-title elementor-size-default\">On-site workshop<\/h2>\t\t\t\t<\/div>\n\t\t\t\t<\/div>\n\t\t\t\t\t<\/div>\n\t\t<\/div>\n\t\t\t\t\t<\/div>\n\t\t<\/section>\n\t\t\t\t<section class=\"elementor-section elementor-top-section elementor-element elementor-element-3e27445 elementor-section-boxed elementor-section-height-default elementor-section-height-default\" data-id=\"3e27445\" data-element_type=\"section\">\n\t\t\t\t\t\t<div class=\"elementor-container elementor-column-gap-default\">\n\t\t\t\t\t<div class=\"elementor-column elementor-col-100 elementor-top-column elementor-element elementor-element-62155fa\" data-id=\"62155fa\" data-element_type=\"column\">\n\t\t\t<div class=\"elementor-widget-wrap elementor-element-populated\">\n\t\t\t\t\t\t<div class=\"elementor-element elementor-element-7144285 elementor-widget elementor-widget-shortcode\" data-id=\"7144285\" data-element_type=\"widget\" data-widget_type=\"shortcode.default\">\n\t\t\t\t<div class=\"elementor-widget-container\">\n\t\t\t\t\t\t\t<div class=\"elementor-shortcode\">\n\n<div class=\"su-posts su-posts-default-loop\">\n\n\t\n\t\t\t\t\t\n\t\t\t\n\t\t\t<div id=\"su-post-445\" class=\"su-post\">\n\n\t\t\t\t\t\t\t\t\t<a class=\"su-post-thumbnail\" href=\"https:\/\/www.redconare.ac.cr\/en\/spider-el-proyecto-de-transformacion-digital-entre-europa-y-america-latina-en-el-que-participa-redconare\/\"><img fetchpriority=\"high\" decoding=\"async\" width=\"1024\" height=\"705\" src=\"https:\/\/www.redconare.ac.cr\/wp-content\/uploads\/2024\/08\/IMG_7627-1-1024x705-1.jpeg\" class=\"attachment-post-thumbnail size-post-thumbnail wp-post-image\" alt=\"\" srcset=\"https:\/\/www.redconare.ac.cr\/wp-content\/uploads\/2024\/08\/IMG_7627-1-1024x705-1.jpeg 1024w, https:\/\/www.redconare.ac.cr\/wp-content\/uploads\/2024\/08\/IMG_7627-1-1024x705-1-300x207.jpeg 300w, https:\/\/www.redconare.ac.cr\/wp-content\/uploads\/2024\/08\/IMG_7627-1-1024x705-1-768x529.jpeg 768w, https:\/\/www.redconare.ac.cr\/wp-content\/uploads\/2024\/08\/IMG_7627-1-1024x705-1-18x12.jpeg 18w\" sizes=\"(max-width: 1024px) 100vw, 1024px\" \/><\/a>\n\t\t\t\t\n\t\t\t\t<h2 class=\"su-post-title\"><a href=\"https:\/\/www.redconare.ac.cr\/en\/spider-el-proyecto-de-transformacion-digital-entre-europa-y-america-latina-en-el-que-participa-redconare\/\">SPIDER: the digital transformation project between Europe and Latin America involving RedCONARE<\/a><\/h2>\n\n\t\t\t\t<div class=\"su-post-meta\">\n\t\t\t\t\tPosted: 05\/14\/2024\t\t\t\t<\/div>\n\n\t\t\t\t<div class=\"su-post-excerpt\">\n\t\t\t\t\t<p>SPIDER is a project funded by the European Union (EU) Framework Program for Research and Innovation, which seeks to extend dialogues on digitization, innovation and research,...<\/p>\n<p> <a class=\"more-link\" href=\"https:\/\/www.redconare.ac.cr\/en\/spider-el-proyecto-de-transformacion-digital-entre-europa-y-america-latina-en-el-que-participa-redconare\/\">Leer m\u00e1s<\/a><\/p>\n\t\t\t\t<\/div>\n\n\t\t\t\t\n\t\t\t<\/div>\n\n\t\t\n\t\n<\/div>\n\n\n<\/div>\n\t\t\t\t\t\t<\/div>\n\t\t\t\t<\/div>\n\t\t\t\t\t<\/div>\n\t\t<\/div>\n\t\t\t\t\t<\/div>\n\t\t<\/section>\n\t\t\t\t<section class=\"elementor-section elementor-top-section elementor-element elementor-element-0b40d47 elementor-section-boxed elementor-section-height-default elementor-section-height-default\" data-id=\"0b40d47\" data-element_type=\"section\">\n\t\t\t\t\t\t<div class=\"elementor-container elementor-column-gap-default\">\n\t\t\t\t\t<div class=\"elementor-column elementor-col-100 elementor-top-column elementor-element elementor-element-3507e73\" data-id=\"3507e73\" data-element_type=\"column\">\n\t\t\t<div class=\"elementor-widget-wrap elementor-element-populated\">\n\t\t\t\t\t\t<div class=\"elementor-element elementor-element-c06963f elementor-widget-divider--view-line elementor-widget elementor-widget-divider\" data-id=\"c06963f\" data-element_type=\"widget\" data-widget_type=\"divider.default\">\n\t\t\t\t<div class=\"elementor-widget-container\">\n\t\t\t\t\t\t\t<div class=\"elementor-divider\">\n\t\t\t<span class=\"elementor-divider-separator\">\n\t\t\t\t\t\t<\/span>\n\t\t<\/div>\n\t\t\t\t\t\t<\/div>\n\t\t\t\t<\/div>\n\t\t\t\t\t<\/div>\n\t\t<\/div>\n\t\t\t\t\t<\/div>\n\t\t<\/section>\n\t\t<div class=\"elementor-element elementor-element-64784bd e-flex e-con-boxed e-con e-parent\" data-id=\"64784bd\" data-element_type=\"container\">\n\t\t\t\t\t<div class=\"e-con-inner\">\n\t\t\t\t<div class=\"elementor-element elementor-element-317a670 elementor-widget elementor-widget-shortcode\" data-id=\"317a670\" data-element_type=\"widget\" data-widget_type=\"shortcode.default\">\n\t\t\t\t<div class=\"elementor-widget-container\">\n\t\t\t\t\t\t\t<div class=\"elementor-shortcode\">\n\n<div class=\"su-posts su-posts-default-loop\">\n\n\t\n\t\t\t\t\t\n\t\t\t\n\t\t\t<div id=\"su-post-2365\" class=\"su-post\">\n\n\t\t\t\t\t\t\t\t\t<a class=\"su-post-thumbnail\" href=\"https:\/\/www.redconare.ac.cr\/en\/costa-rica-sera-sede-de-tical-2025-con-redconare-como-coanfitriona-del-evento\/\"><img decoding=\"async\" width=\"1296\" height=\"729\" src=\"https:\/\/www.redconare.ac.cr\/wp-content\/uploads\/2025\/06\/1739222766408.jpg\" class=\"attachment-post-thumbnail size-post-thumbnail wp-post-image\" alt=\"\" srcset=\"https:\/\/www.redconare.ac.cr\/wp-content\/uploads\/2025\/06\/1739222766408.jpg 1296w, https:\/\/www.redconare.ac.cr\/wp-content\/uploads\/2025\/06\/1739222766408-300x169.jpg 300w, https:\/\/www.redconare.ac.cr\/wp-content\/uploads\/2025\/06\/1739222766408-1024x576.jpg 1024w, https:\/\/www.redconare.ac.cr\/wp-content\/uploads\/2025\/06\/1739222766408-768x432.jpg 768w, https:\/\/www.redconare.ac.cr\/wp-content\/uploads\/2025\/06\/1739222766408-18x10.jpg 18w\" sizes=\"(max-width: 1296px) 100vw, 1296px\" \/><\/a>\n\t\t\t\t\n\t\t\t\t<h2 class=\"su-post-title\"><a href=\"https:\/\/www.redconare.ac.cr\/en\/costa-rica-sera-sede-de-tical-2025-con-redconare-como-coanfitriona-del-evento\/\">Costa Rica to Host TICAL2025, with RedCONARE as Co-organizer of the Event<\/a><\/h2>\n\n\t\t\t\t<div class=\"su-post-meta\">\n\t\t\t\t\tPosted: 06\/06\/2025\t\t\t\t<\/div>\n\n\t\t\t\t<div class=\"su-post-excerpt\">\n\t\t\t\t\t<p>La capital costarricense se prepara para convertirse en la sede de la pr\u00f3xima edici\u00f3n de TICAL en 2025, reafirmando su posici\u00f3n como un centro clave para la transformaci\u00f3n digital en&hellip;<\/p>\n<p> <a class=\"more-link\" href=\"https:\/\/www.redconare.ac.cr\/en\/costa-rica-sera-sede-de-tical-2025-con-redconare-como-coanfitriona-del-evento\/\">Leer m\u00e1s<\/a><\/p>\n\t\t\t\t<\/div>\n\n\t\t\t\t\n\t\t\t<\/div>\n\n\t\t\n\t\n<\/div>\n\n<\/div>\n\t\t\t\t\t\t<\/div>\n\t\t\t\t<\/div>\n\t\t\t\t\t<\/div>\n\t\t\t\t<\/div>\n\t\t\t\t<section class=\"elementor-section elementor-top-section elementor-element elementor-element-db63c65 elementor-section-boxed elementor-section-height-default elementor-section-height-default\" data-id=\"db63c65\" data-element_type=\"section\">\n\t\t\t\t\t\t<div class=\"elementor-container elementor-column-gap-default\">\n\t\t\t\t\t<div class=\"elementor-column elementor-col-100 elementor-top-column elementor-element elementor-element-ca2e23a\" data-id=\"ca2e23a\" data-element_type=\"column\">\n\t\t\t<div class=\"elementor-widget-wrap elementor-element-populated\">\n\t\t\t\t\t\t<div class=\"elementor-element elementor-element-f26e409 elementor-widget elementor-widget-heading\" data-id=\"f26e409\" data-element_type=\"widget\" data-widget_type=\"heading.default\">\n\t\t\t\t<div class=\"elementor-widget-container\">\n\t\t\t\t\t<h2 class=\"elementor-heading-title elementor-size-default\">Formation of the National Committee<\/h2>\t\t\t\t<\/div>\n\t\t\t\t<\/div>\n\t\t\t\t\t<\/div>\n\t\t<\/div>\n\t\t\t\t\t<\/div>\n\t\t<\/section>\n\t\t\t\t<section class=\"elementor-section elementor-top-section elementor-element elementor-element-b2575fd elementor-section-boxed elementor-section-height-default elementor-section-height-default\" data-id=\"b2575fd\" data-element_type=\"section\">\n\t\t\t\t\t\t<div class=\"elementor-container elementor-column-gap-default\">\n\t\t\t\t\t<div class=\"elementor-column elementor-col-100 elementor-top-column elementor-element elementor-element-29daae8\" data-id=\"29daae8\" data-element_type=\"column\">\n\t\t\t<div class=\"elementor-widget-wrap elementor-element-populated\">\n\t\t\t\t\t\t<div class=\"elementor-element elementor-element-16ea9b1 elementor-widget elementor-widget-spacer\" data-id=\"16ea9b1\" data-element_type=\"widget\" data-widget_type=\"spacer.default\">\n\t\t\t\t<div class=\"elementor-widget-container\">\n\t\t\t\t\t\t\t<div class=\"elementor-spacer\">\n\t\t\t<div class=\"elementor-spacer-inner\"><\/div>\n\t\t<\/div>\n\t\t\t\t\t\t<\/div>\n\t\t\t\t<\/div>\n\t\t\t\t\t<\/div>\n\t\t<\/div>\n\t\t\t\t\t<\/div>\n\t\t<\/section>\n\t\t\t\t<section class=\"elementor-section elementor-top-section elementor-element elementor-element-0c5dc03 elementor-section-boxed elementor-section-height-default elementor-section-height-default\" data-id=\"0c5dc03\" data-element_type=\"section\">\n\t\t\t\t\t\t<div class=\"elementor-container elementor-column-gap-default\">\n\t\t\t\t\t<div class=\"elementor-column elementor-col-100 elementor-top-column elementor-element elementor-element-b385b6e\" data-id=\"b385b6e\" data-element_type=\"column\">\n\t\t\t<div class=\"elementor-widget-wrap elementor-element-populated\">\n\t\t\t\t\t\t<div class=\"elementor-element elementor-element-bfeabc7 elementor-widget elementor-widget-heading\" data-id=\"bfeabc7\" data-element_type=\"widget\" data-widget_type=\"heading.default\">\n\t\t\t\t<div class=\"elementor-widget-container\">\n\t\t\t\t\t<h2 class=\"elementor-heading-title elementor-size-default\">What is the committee?<\/h2>\t\t\t\t<\/div>\n\t\t\t\t<\/div>\n\t\t\t\t\t<\/div>\n\t\t<\/div>\n\t\t\t\t\t<\/div>\n\t\t<\/section>\n\t\t\t\t<section class=\"elementor-section elementor-top-section elementor-element elementor-element-cb28ef1 elementor-section-boxed elementor-section-height-default elementor-section-height-default\" data-id=\"cb28ef1\" data-element_type=\"section\">\n\t\t\t\t\t\t<div class=\"elementor-container elementor-column-gap-default\">\n\t\t\t\t\t<div class=\"elementor-column elementor-col-100 elementor-top-column elementor-element elementor-element-bb91790\" data-id=\"bb91790\" data-element_type=\"column\">\n\t\t\t<div class=\"elementor-widget-wrap elementor-element-populated\">\n\t\t\t\t\t\t<div class=\"elementor-element elementor-element-49f7160 elementor-widget elementor-widget-text-editor\" data-id=\"49f7160\" data-element_type=\"widget\" data-widget_type=\"text-editor.default\">\n\t\t\t\t<div class=\"elementor-widget-container\">\n\t\t\t\t\t\t\t\t\t<p><span style=\"font-weight: 400;\">The committee is an entity that acts as the main link between the national scientific institutions, the government and the Copernicus program structures of the European Union. Its main objective is to coordinate the members of the national community to promote the effective use of the data and services provided by Copernicus, facilitating training and technical capacity building, as well as research and innovation.<\/span><\/p>\t\t\t\t\t\t\t\t<\/div>\n\t\t\t\t<\/div>\n\t\t\t\t\t<\/div>\n\t\t<\/div>\n\t\t\t\t\t<\/div>\n\t\t<\/section>\n\t\t\t\t<section class=\"elementor-section elementor-top-section elementor-element elementor-element-49ef6a7 elementor-section-boxed elementor-section-height-default elementor-section-height-default\" data-id=\"49ef6a7\" data-element_type=\"section\">\n\t\t\t\t\t\t<div class=\"elementor-container elementor-column-gap-default\">\n\t\t\t\t\t<div class=\"elementor-column elementor-col-100 elementor-top-column elementor-element elementor-element-34df5f8\" data-id=\"34df5f8\" data-element_type=\"column\">\n\t\t\t<div class=\"elementor-widget-wrap elementor-element-populated\">\n\t\t\t\t\t\t<div class=\"elementor-element elementor-element-f4155b8 elementor-widget elementor-widget-heading\" data-id=\"f4155b8\" data-element_type=\"widget\" data-widget_type=\"heading.default\">\n\t\t\t\t<div class=\"elementor-widget-container\">\n\t\t\t\t\t<h2 class=\"elementor-heading-title elementor-size-default\">What activities will you do?<\/h2>\t\t\t\t<\/div>\n\t\t\t\t<\/div>\n\t\t\t\t\t<\/div>\n\t\t<\/div>\n\t\t\t\t\t<\/div>\n\t\t<\/section>\n\t\t\t\t<section class=\"elementor-section elementor-top-section elementor-element elementor-element-88e60be elementor-section-boxed elementor-section-height-default elementor-section-height-default\" data-id=\"88e60be\" data-element_type=\"section\">\n\t\t\t\t\t\t<div class=\"elementor-container elementor-column-gap-default\">\n\t\t\t\t\t<div class=\"elementor-column elementor-col-100 elementor-top-column elementor-element elementor-element-8fcda86\" data-id=\"8fcda86\" data-element_type=\"column\">\n\t\t\t<div class=\"elementor-widget-wrap elementor-element-populated\">\n\t\t\t\t\t\t<div class=\"elementor-element elementor-element-e93e46a elementor-widget elementor-widget-text-editor\" data-id=\"e93e46a\" data-element_type=\"widget\" data-widget_type=\"text-editor.default\">\n\t\t\t\t<div class=\"elementor-widget-container\">\n\t\t\t\t\t\t\t\t\t<ol><li style=\"font-weight: 400;\" aria-level=\"1\"><span style=\"font-weight: 400;\">National Coordination: Act as a liaison between scientific institutions, government and European entities to manage activities according to national needs.<\/span><\/li><li style=\"font-weight: 400;\" aria-level=\"1\"><span style=\"font-weight: 400;\">Promotion and Dissemination: Promote the use of Copernicus data and services among scientists, academics and other interested parties at the national level. This includes the organization of workshops, conferences and seminars.<\/span><\/li><li style=\"font-weight: 400;\" aria-level=\"1\"><span style=\"font-weight: 400;\">Scientific and Technical Advice: Provide expert advice to government and other entities on scientific and technical issues related to Earth observation and the environment.<\/span><\/li><li style=\"font-weight: 400;\" aria-level=\"1\"><span style=\"font-weight: 400;\">International Collaboration: Promote international collaboration in research and development projects within the framework of the Copernicus program.<\/span><\/li><\/ol>\t\t\t\t\t\t\t\t<\/div>\n\t\t\t\t<\/div>\n\t\t\t\t\t<\/div>\n\t\t<\/div>\n\t\t\t\t\t<\/div>\n\t\t<\/section>\n\t\t\t\t<section class=\"elementor-section elementor-top-section elementor-element elementor-element-8fc5791 elementor-section-boxed elementor-section-height-default elementor-section-height-default\" data-id=\"8fc5791\" data-element_type=\"section\">\n\t\t\t\t\t\t<div class=\"elementor-container elementor-column-gap-default\">\n\t\t\t\t\t<div class=\"elementor-column elementor-col-100 elementor-top-column elementor-element elementor-element-8663910\" data-id=\"8663910\" data-element_type=\"column\">\n\t\t\t<div class=\"elementor-widget-wrap elementor-element-populated\">\n\t\t\t\t\t\t<div class=\"elementor-element elementor-element-2767350 elementor-widget elementor-widget-heading\" data-id=\"2767350\" data-element_type=\"widget\" data-widget_type=\"heading.default\">\n\t\t\t\t<div class=\"elementor-widget-container\">\n\t\t\t\t\t<h2 class=\"elementor-heading-title elementor-size-default\">Who are the members?<\/h2>\t\t\t\t<\/div>\n\t\t\t\t<\/div>\n\t\t\t\t\t<\/div>\n\t\t<\/div>\n\t\t\t\t\t<\/div>\n\t\t<\/section>\n\t\t\t\t<section class=\"elementor-section elementor-top-section elementor-element elementor-element-294d7c4 elementor-section-boxed elementor-section-height-default elementor-section-height-default\" data-id=\"294d7c4\" data-element_type=\"section\">\n\t\t\t\t\t\t<div class=\"elementor-container elementor-column-gap-default\">\n\t\t\t\t\t<div class=\"elementor-column elementor-col-100 elementor-top-column elementor-element elementor-element-7b6271a\" data-id=\"7b6271a\" data-element_type=\"column\">\n\t\t\t<div class=\"elementor-widget-wrap elementor-element-populated\">\n\t\t\t\t\t\t<div class=\"elementor-element elementor-element-b20532f elementor-widget elementor-widget-text-editor\" data-id=\"b20532f\" data-element_type=\"widget\" data-widget_type=\"text-editor.default\">\n\t\t\t\t<div class=\"elementor-widget-container\">\n\t\t\t\t\t\t\t\t\t<p><span style=\"font-weight: 400;\">The National Committee of the Copernicus Academy would be composed of a variety of experts and representatives from several key institutions.<\/span><\/p>\n<ul>\n<li><span style=\"font-weight: 400;\">RedCONARE<\/span><\/li>\n<li><span style=\"font-weight: 400;\">CeNAT<\/span><\/li>\n<li><span style=\"font-weight: 400;\">UCR<\/span><\/li>\n<li><span style=\"font-weight: 400;\">IICA<\/span><\/li>\n<li><span style=\"font-weight: 400;\">INTA<\/span><\/li>\n<li><span style=\"font-weight: 400;\">CFIA<\/span><\/li>\n<\/ul>\n<p><span style=\"font-weight: 400;\">We are currently in the process of sending out invitations and listening to interested parties to form the committee.<\/span><\/p>\t\t\t\t\t\t\t\t<\/div>\n\t\t\t\t<\/div>\n\t\t\t\t\t<\/div>\n\t\t<\/div>\n\t\t\t\t\t<\/div>\n\t\t<\/section>\n\t\t<div class=\"elementor-element elementor-element-647fac1 e-flex e-con-boxed e-con e-parent\" data-id=\"647fac1\" data-element_type=\"container\">\n\t\t\t\t\t<div class=\"e-con-inner\">\n\t\t<div class=\"elementor-element elementor-element-768ebcb e-con-full e-flex e-con e-child\" data-id=\"768ebcb\" data-element_type=\"container\">\n\t\t\t\t<div class=\"elementor-element elementor-element-0d521d8 elementor-widget elementor-widget-image\" data-id=\"0d521d8\" data-element_type=\"widget\" data-widget_type=\"image.default\">\n\t\t\t\t<div class=\"elementor-widget-container\">\n\t\t\t\t\t\t\t\t\t\t\t\t\t\t\t<img decoding=\"async\" width=\"500\" height=\"300\" src=\"https:\/\/www.redconare.ac.cr\/wp-content\/uploads\/2024\/11\/cenat.jpg\" class=\"attachment-large size-large wp-image-1899\" alt=\"\" srcset=\"https:\/\/www.redconare.ac.cr\/wp-content\/uploads\/2024\/11\/cenat.jpg 500w, https:\/\/www.redconare.ac.cr\/wp-content\/uploads\/2024\/11\/cenat-300x180.jpg 300w, https:\/\/www.redconare.ac.cr\/wp-content\/uploads\/2024\/11\/cenat-18x12.jpg 18w\" sizes=\"(max-width: 500px) 100vw, 500px\" \/>\t\t\t\t\t\t\t\t\t\t\t\t\t\t\t<\/div>\n\t\t\t\t<\/div>\n\t\t\t\t<\/div>\n\t\t<div class=\"elementor-element elementor-element-6a5ab8f e-con-full e-flex e-con e-child\" data-id=\"6a5ab8f\" data-element_type=\"container\">\n\t\t\t\t<div class=\"elementor-element elementor-element-b194a18 elementor-widget elementor-widget-image\" data-id=\"b194a18\" data-element_type=\"widget\" data-widget_type=\"image.default\">\n\t\t\t\t<div class=\"elementor-widget-container\">\n\t\t\t\t\t\t\t\t\t\t\t\t\t\t\t<img loading=\"lazy\" decoding=\"async\" width=\"510\" height=\"240\" src=\"https:\/\/www.redconare.ac.cr\/wp-content\/uploads\/2024\/11\/bd4a6286-8602-41cd-841b-61d288dba796-2.png\" class=\"attachment-large size-large wp-image-1957\" alt=\"\" srcset=\"https:\/\/www.redconare.ac.cr\/wp-content\/uploads\/2024\/11\/bd4a6286-8602-41cd-841b-61d288dba796-2.png 510w, https:\/\/www.redconare.ac.cr\/wp-content\/uploads\/2024\/11\/bd4a6286-8602-41cd-841b-61d288dba796-2-300x141.png 300w, https:\/\/www.redconare.ac.cr\/wp-content\/uploads\/2024\/11\/bd4a6286-8602-41cd-841b-61d288dba796-2-18x8.png 18w\" sizes=\"(max-width: 510px) 100vw, 510px\" \/>\t\t\t\t\t\t\t\t\t\t\t\t\t\t\t<\/div>\n\t\t\t\t<\/div>\n\t\t\t\t<\/div>\n\t\t<div class=\"elementor-element elementor-element-c325f9b e-con-full e-flex e-con e-child\" data-id=\"c325f9b\" data-element_type=\"container\">\n\t\t\t\t<div class=\"elementor-element elementor-element-3499b13 elementor-widget elementor-widget-image\" data-id=\"3499b13\" data-element_type=\"widget\" data-widget_type=\"image.default\">\n\t\t\t\t<div class=\"elementor-widget-container\">\n\t\t\t\t\t\t\t\t\t\t\t\t\t\t\t<img loading=\"lazy\" decoding=\"async\" width=\"225\" height=\"225\" src=\"https:\/\/www.redconare.ac.cr\/wp-content\/uploads\/2024\/11\/images-2.png\" class=\"attachment-large size-large wp-image-1958\" alt=\"\" srcset=\"https:\/\/www.redconare.ac.cr\/wp-content\/uploads\/2024\/11\/images-2.png 225w, https:\/\/www.redconare.ac.cr\/wp-content\/uploads\/2024\/11\/images-2-150x150.png 150w, https:\/\/www.redconare.ac.cr\/wp-content\/uploads\/2024\/11\/images-2-12x12.png 12w\" sizes=\"(max-width: 225px) 100vw, 225px\" \/>\t\t\t\t\t\t\t\t\t\t\t\t\t\t\t<\/div>\n\t\t\t\t<\/div>\n\t\t\t\t<\/div>\n\t\t<div class=\"elementor-element elementor-element-b6d9083 e-con-full e-flex e-con e-child\" data-id=\"b6d9083\" data-element_type=\"container\">\n\t\t\t\t<div class=\"elementor-element elementor-element-1afe6c7 elementor-widget elementor-widget-image\" data-id=\"1afe6c7\" data-element_type=\"widget\" data-widget_type=\"image.default\">\n\t\t\t\t<div class=\"elementor-widget-container\">\n\t\t\t\t\t\t\t\t\t\t\t\t\t\t\t<img loading=\"lazy\" decoding=\"async\" width=\"800\" height=\"415\" src=\"https:\/\/www.redconare.ac.cr\/wp-content\/uploads\/2024\/11\/firma-horizontal-dos-lineas-cmky-1.png\" class=\"attachment-large size-large wp-image-1959\" alt=\"\" srcset=\"https:\/\/www.redconare.ac.cr\/wp-content\/uploads\/2024\/11\/firma-horizontal-dos-lineas-cmky-1.png 969w, https:\/\/www.redconare.ac.cr\/wp-content\/uploads\/2024\/11\/firma-horizontal-dos-lineas-cmky-1-300x156.png 300w, https:\/\/www.redconare.ac.cr\/wp-content\/uploads\/2024\/11\/firma-horizontal-dos-lineas-cmky-1-768x399.png 768w, https:\/\/www.redconare.ac.cr\/wp-content\/uploads\/2024\/11\/firma-horizontal-dos-lineas-cmky-1-18x9.png 18w\" sizes=\"(max-width: 800px) 100vw, 800px\" \/>\t\t\t\t\t\t\t\t\t\t\t\t\t\t\t<\/div>\n\t\t\t\t<\/div>\n\t\t\t\t<\/div>\n\t\t<div class=\"elementor-element elementor-element-0e2410f e-con-full e-flex e-con e-child\" data-id=\"0e2410f\" data-element_type=\"container\">\n\t\t\t\t<div class=\"elementor-element elementor-element-9ba4a87 elementor-widget elementor-widget-image\" data-id=\"9ba4a87\" data-element_type=\"widget\" data-widget_type=\"image.default\">\n\t\t\t\t<div class=\"elementor-widget-container\">\n\t\t\t\t\t\t\t\t\t\t\t\t\t\t\t<img loading=\"lazy\" decoding=\"async\" width=\"271\" height=\"175\" src=\"https:\/\/www.redconare.ac.cr\/wp-content\/uploads\/2024\/11\/Logo-CFIA-Pagina-Interna.png\" class=\"attachment-large size-large wp-image-1960\" alt=\"\" srcset=\"https:\/\/www.redconare.ac.cr\/wp-content\/uploads\/2024\/11\/Logo-CFIA-Pagina-Interna.png 271w, https:\/\/www.redconare.ac.cr\/wp-content\/uploads\/2024\/11\/Logo-CFIA-Pagina-Interna-18x12.png 18w\" sizes=\"(max-width: 271px) 100vw, 271px\" \/>\t\t\t\t\t\t\t\t\t\t\t\t\t\t\t<\/div>\n\t\t\t\t<\/div>\n\t\t\t\t<\/div>\n\t\t<div class=\"elementor-element elementor-element-7a8c2d8 e-con-full e-flex e-con e-child\" data-id=\"7a8c2d8\" data-element_type=\"container\">\n\t\t\t\t<div class=\"elementor-element elementor-element-2e49483 elementor-widget elementor-widget-image\" data-id=\"2e49483\" data-element_type=\"widget\" data-widget_type=\"image.default\">\n\t\t\t\t<div class=\"elementor-widget-container\">\n\t\t\t\t\t\t\t\t\t\t\t\t\t\t\t<img loading=\"lazy\" decoding=\"async\" width=\"300\" height=\"160\" src=\"https:\/\/www.redconare.ac.cr\/wp-content\/uploads\/2024\/11\/inta-costa-rica-logo-300x160-2.png\" class=\"attachment-large size-large wp-image-1961\" alt=\"\" srcset=\"https:\/\/www.redconare.ac.cr\/wp-content\/uploads\/2024\/11\/inta-costa-rica-logo-300x160-2.png 300w, https:\/\/www.redconare.ac.cr\/wp-content\/uploads\/2024\/11\/inta-costa-rica-logo-300x160-2-18x10.png 18w\" sizes=\"(max-width: 300px) 100vw, 300px\" \/>\t\t\t\t\t\t\t\t\t\t\t\t\t\t\t<\/div>\n\t\t\t\t<\/div>\n\t\t\t\t<\/div>\n\t\t\t\t\t<\/div>\n\t\t\t\t<\/div>\n\t\t\t\t<section class=\"elementor-section elementor-top-section elementor-element elementor-element-d37d890 elementor-section-boxed elementor-section-height-default elementor-section-height-default\" data-id=\"d37d890\" data-element_type=\"section\">\n\t\t\t\t\t\t<div class=\"elementor-container elementor-column-gap-default\">\n\t\t\t\t\t<div class=\"elementor-column elementor-col-100 elementor-top-column elementor-element elementor-element-1b085f6\" data-id=\"1b085f6\" data-element_type=\"column\">\n\t\t\t<div class=\"elementor-widget-wrap elementor-element-populated\">\n\t\t\t\t\t\t<div class=\"elementor-element elementor-element-8429222 elementor-widget elementor-widget-heading\" data-id=\"8429222\" data-element_type=\"widget\" data-widget_type=\"heading.default\">\n\t\t\t\t<div class=\"elementor-widget-container\">\n\t\t\t\t\t<h2 class=\"elementor-heading-title elementor-size-default\">How does an institution join this committee?<\/h2>\t\t\t\t<\/div>\n\t\t\t\t<\/div>\n\t\t\t\t\t<\/div>\n\t\t<\/div>\n\t\t\t\t\t<\/div>\n\t\t<\/section>\n\t\t\t\t<section class=\"elementor-section elementor-top-section elementor-element elementor-element-0ab2f18 elementor-section-boxed elementor-section-height-default elementor-section-height-default\" data-id=\"0ab2f18\" data-element_type=\"section\">\n\t\t\t\t\t\t<div class=\"elementor-container elementor-column-gap-default\">\n\t\t\t\t\t<div class=\"elementor-column elementor-col-100 elementor-top-column elementor-element elementor-element-8917c73\" data-id=\"8917c73\" data-element_type=\"column\">\n\t\t\t<div class=\"elementor-widget-wrap elementor-element-populated\">\n\t\t\t\t\t\t<div class=\"elementor-element elementor-element-df5d5dd elementor-widget elementor-widget-text-editor\" data-id=\"df5d5dd\" data-element_type=\"widget\" data-widget_type=\"text-editor.default\">\n\t\t\t\t<div class=\"elementor-widget-container\">\n\t\t\t\t\t\t\t\t\t<p><span style=\"font-weight: 400;\">To join the committee you must fill out the expression of interest form belowto have your application evaluated and to have the necessary contacts to make the respective communications. <\/span><span style=\"font-weight: 400;\">siguiente formulario de expresi\u00f3n de inter\u00e9s para que sea evaluada su solicitud y tener los contactos necesarios para realizar las comunicaciones respectivas.<\/span><\/p>\t\t\t\t\t\t\t\t<\/div>\n\t\t\t\t<\/div>\n\t\t\t\t\t<\/div>\n\t\t<\/div>\n\t\t\t\t\t<\/div>\n\t\t<\/section>\n\t\t\t\t<section class=\"elementor-section elementor-top-section elementor-element elementor-element-37abe56 elementor-section-boxed elementor-section-height-default elementor-section-height-default\" data-id=\"37abe56\" data-element_type=\"section\">\n\t\t\t\t\t\t<div class=\"elementor-container elementor-column-gap-default\">\n\t\t\t\t\t<div class=\"elementor-column elementor-col-100 elementor-top-column elementor-element elementor-element-f88eb8d\" data-id=\"f88eb8d\" data-element_type=\"column\">\n\t\t\t<div class=\"elementor-widget-wrap elementor-element-populated\">\n\t\t\t\t\t\t<div class=\"elementor-element elementor-element-e2b3ec5 elementor-widget__width-initial elementor-widget elementor-widget-wpforms\" data-id=\"e2b3ec5\" data-element_type=\"widget\" data-widget_type=\"wpforms.default\">\n\t\t\t\t<div class=\"elementor-widget-container\">\n\t\t\t\t\t<style id=\"wpforms-css-vars-elementor-widget-e2b3ec5\">\n\t\t\t\t.elementor-widget-wpforms.elementor-element-e2b3ec5 {\n\t\t\t\t--wpforms-field-size-input-height: 43px;\n--wpforms-field-size-input-spacing: 15px;\n--wpforms-field-size-font-size: 16px;\n--wpforms-field-size-line-height: 19px;\n--wpforms-field-size-padding-h: 14px;\n--wpforms-field-size-checkbox-size: 16px;\n--wpforms-field-size-sublabel-spacing: 5px;\n--wpforms-field-size-icon-size: 1;\n--wpforms-label-size-font-size: 16px;\n--wpforms-label-size-line-height: 19px;\n--wpforms-label-size-sublabel-font-size: 14px;\n--wpforms-label-size-sublabel-line-height: 17px;\n--wpforms-button-size-font-size: 17px;\n--wpforms-button-size-height: 41px;\n--wpforms-button-size-padding-h: 15px;\n--wpforms-button-size-margin-top: 10px;\n\n\t\t\t}\n\t\t\t<\/style><div class=\"wpforms-container wpforms-container-full wpforms-render-modern\" id=\"wpforms-1712\"><form id=\"wpforms-form-1712\" class=\"wpforms-validate wpforms-form wpforms-ajax-form\" data-formid=\"1712\" method=\"post\" enctype=\"multipart\/form-data\" action=\"\/en\/wp-json\/wp\/v2\/pages\/385\" data-token=\"c04d738ab0ca27aa11626cf64fd7b949\" data-token-time=\"1777300445\" data-trp-original-action=\"\/en\/wp-json\/wp\/v2\/pages\/385\"><noscript class=\"wpforms-error-noscript\">Please enable JavaScript in your browser to complete this form.<\/noscript><div class=\"wpforms-hidden\" id=\"wpforms-error-noscript\">Please enable JavaScript in your browser to complete this form.<\/div><div class=\"wpforms-field-container\"><div id=\"wpforms-1712-field_3-container\" class=\"wpforms-field wpforms-field-text\" data-field-id=\"3\"><label class=\"wpforms-field-label\" for=\"wpforms-1712-field_3\">Name <\/label><input type=\"text\" id=\"wpforms-1712-field_3\" class=\"wpforms-field-large\" name=\"wpforms[fields][3]\" aria-errormessage=\"wpforms-1712-field_3-error\" ><\/div><div id=\"wpforms-1712-field_4-container\" class=\"wpforms-field wpforms-field-text\" data-field-id=\"4\"><label class=\"wpforms-field-label\" for=\"wpforms-1712-field_4\">Institution <\/label><input type=\"text\" id=\"wpforms-1712-field_4\" class=\"wpforms-field-large\" name=\"wpforms[fields][4]\" aria-errormessage=\"wpforms-1712-field_4-error\" ><\/div><div id=\"wpforms-1712-field_6-container\" class=\"wpforms-field wpforms-field-text\" data-field-id=\"6\"><label class=\"wpforms-field-label\" for=\"wpforms-1712-field_6\">Department <\/label><input type=\"text\" id=\"wpforms-1712-field_6\" class=\"wpforms-field-large\" name=\"wpforms[fields][6]\" aria-errormessage=\"wpforms-1712-field_6-error\" ><\/div><div id=\"wpforms-1712-field_1-container\" class=\"wpforms-field wpforms-field-email\" data-field-id=\"1\"><label class=\"wpforms-field-label\" for=\"wpforms-1712-field_1\">Email <span class=\"wpforms-required-label\" aria-hidden=\"true\">*<\/span><\/label><input type=\"email\" id=\"wpforms-1712-field_1\" class=\"wpforms-field-large wpforms-field-required\" name=\"wpforms[fields][1]\" spellcheck=\"false\" aria-errormessage=\"wpforms-1712-field_1-error\" required><\/div><div id=\"wpforms-1712-field_2-container\" class=\"wpforms-field wpforms-field-textarea\" data-field-id=\"2\"><label class=\"wpforms-field-label\" for=\"wpforms-1712-field_2\">Why do you want to join the committee? <\/label><textarea id=\"wpforms-1712-field_2\" class=\"wpforms-field-medium\" name=\"wpforms[fields][2]\" aria-errormessage=\"wpforms-1712-field_2-error\" ><\/textarea><\/div><\/div><!-- .wpforms-field-container --><div class=\"wpforms-submit-container\" ><input type=\"hidden\" name=\"wpforms[id]\" value=\"1712\"><input type=\"hidden\" name=\"page_title\" value=\"\"><input type=\"hidden\" name=\"page_url\" value=\"https:\/\/www.redconare.ac.cr\/en\/wp-json\/wp\/v2\/pages\/385\"><input type=\"hidden\" name=\"url_referer\" value=\"\"><button type=\"submit\" name=\"wpforms[submit]\" id=\"wpforms-submit-1712\" class=\"wpforms-submit\" data-alt-text=\"Sending...\" data-submit-text=\"Submit\" aria-live=\"assertive\" value=\"wpforms-submit\">Send<\/button><img loading=\"lazy\" decoding=\"async\" src=\"https:\/\/www.redconare.ac.cr\/wp-content\/plugins\/wpforms-lite\/assets\/images\/submit-spin.svg\" class=\"wpforms-submit-spinner\" style=\"display: none;\" width=\"26\" height=\"26\" alt=\"Loading\"><\/div><input type=\"hidden\" name=\"trp-form-language\" value=\"en\"\/><\/form><\/div>  <!-- .wpforms-container -->\t\t\t\t<\/div>\n\t\t\t\t<\/div>\n\t\t\t\t\t<\/div>\n\t\t<\/div>\n\t\t\t\t\t<\/div>\n\t\t<\/section>\n\t\t\t\t<\/div>","protected":false},"excerpt":{"rendered":"<p>Webinar virtual Taller presencial Conformaci\u00f3n del Comit\u00e9 Nacional \u00bfQu\u00e9 es el comit\u00e9? El comit\u00e9 es una entidad que act\u00faa como el enlace principal entre las instituciones cient\u00edficas nacionales, el gobierno&hellip;<\/p>\n<p> <a class=\"more-link\" href=\"https:\/\/www.redconare.ac.cr\/en\/costa-rica-sera-sede-de-tical-2025-con-redconare-como-coanfitriona-del-evento\/\">Leer m\u00e1s<\/a><\/p>","protected":false},"author":1,"featured_media":1668,"parent":0,"menu_order":0,"comment_status":"closed","ping_status":"closed","template":"","meta":{"footnotes":""},"class_list":["post-385","page","type-page","status-publish","has-post-thumbnail"],"yoast_head":"<!-- This site is optimized with the Yoast SEO plugin v25.2 - https:\/\/yoast.com\/wordpress\/plugins\/seo\/ -->\n<title>Academia Copernicus Costa Rica - RedCONARE<\/title>\n<meta name=\"robots\" content=\"index, follow, max-snippet:-1, max-image-preview:large, max-video-preview:-1\" \/>\n<link rel=\"canonical\" href=\"https:\/\/www.redconare.ac.cr\/en\/academia-copernicus-costa-rica\/\" \/>\n<meta property=\"og:locale\" content=\"en_US\" \/>\n<meta property=\"og:type\" content=\"article\" \/>\n<meta property=\"og:title\" content=\"Academia Copernicus Costa Rica - RedCONARE\" \/>\n<meta property=\"og:description\" content=\"Webinar virtual Taller presencial Conformaci\u00f3n del Comit\u00e9 Nacional \u00bfQu\u00e9 es el comit\u00e9? El comit\u00e9 es una entidad que act\u00faa como el enlace principal entre las instituciones cient\u00edficas nacionales, el gobierno&hellip;  Leer m\u00e1s\" \/>\n<meta property=\"og:url\" content=\"https:\/\/www.redconare.ac.cr\/en\/academia-copernicus-costa-rica\/\" \/>\n<meta property=\"og:site_name\" content=\"RedCONARE\" \/>\n<meta property=\"article:publisher\" content=\"https:\/\/www.facebook.com\/RedCONARE\" \/>\n<meta property=\"article:modified_time\" content=\"2024-11-13T17:48:36+00:00\" \/>\n<meta property=\"og:image\" content=\"https:\/\/www.redconare.ac.cr\/wp-content\/uploads\/2024\/08\/Nota-13-mayo-2024-Academia-Copernicus.jpg\" \/>\n\t<meta property=\"og:image:width\" content=\"2048\" \/>\n\t<meta property=\"og:image:height\" content=\"1389\" \/>\n\t<meta property=\"og:image:type\" content=\"image\/jpeg\" \/>\n<meta name=\"twitter:card\" content=\"summary_large_image\" \/>\n<meta name=\"twitter:site\" content=\"@redconare\" \/>\n<meta name=\"twitter:label1\" content=\"Est. reading time\" \/>\n\t<meta name=\"twitter:data1\" content=\"3 minutes\" \/>\n<script type=\"application\/ld+json\" class=\"yoast-schema-graph\">{\"@context\":\"https:\/\/schema.org\",\"@graph\":[{\"@type\":\"WebPage\",\"@id\":\"https:\/\/www.redconare.ac.cr\/academia-copernicus-costa-rica\/\",\"url\":\"https:\/\/www.redconare.ac.cr\/academia-copernicus-costa-rica\/\",\"name\":\"Academia Copernicus Costa Rica - RedCONARE\",\"isPartOf\":{\"@id\":\"https:\/\/www.redconare.ac.cr\/#website\"},\"primaryImageOfPage\":{\"@id\":\"https:\/\/www.redconare.ac.cr\/academia-copernicus-costa-rica\/#primaryimage\"},\"image\":{\"@id\":\"https:\/\/www.redconare.ac.cr\/academia-copernicus-costa-rica\/#primaryimage\"},\"thumbnailUrl\":\"https:\/\/www.redconare.ac.cr\/wp-content\/uploads\/2024\/08\/Nota-13-mayo-2024-Academia-Copernicus.jpg\",\"datePublished\":\"2024-05-13T17:31:28+00:00\",\"dateModified\":\"2024-11-13T17:48:36+00:00\",\"breadcrumb\":{\"@id\":\"https:\/\/www.redconare.ac.cr\/academia-copernicus-costa-rica\/#breadcrumb\"},\"inLanguage\":\"en-US\",\"potentialAction\":[{\"@type\":\"ReadAction\",\"target\":[\"https:\/\/www.redconare.ac.cr\/academia-copernicus-costa-rica\/\"]}]},{\"@type\":\"ImageObject\",\"inLanguage\":\"en-US\",\"@id\":\"https:\/\/www.redconare.ac.cr\/academia-copernicus-costa-rica\/#primaryimage\",\"url\":\"https:\/\/www.redconare.ac.cr\/wp-content\/uploads\/2024\/08\/Nota-13-mayo-2024-Academia-Copernicus.jpg\",\"contentUrl\":\"https:\/\/www.redconare.ac.cr\/wp-content\/uploads\/2024\/08\/Nota-13-mayo-2024-Academia-Copernicus.jpg\",\"width\":2048,\"height\":1389},{\"@type\":\"BreadcrumbList\",\"@id\":\"https:\/\/www.redconare.ac.cr\/academia-copernicus-costa-rica\/#breadcrumb\",\"itemListElement\":[{\"@type\":\"ListItem\",\"position\":1,\"name\":\"Home\",\"item\":\"https:\/\/www.redconare.ac.cr\/\"},{\"@type\":\"ListItem\",\"position\":2,\"name\":\"Academia Copernicus Costa Rica\"}]},{\"@type\":\"WebSite\",\"@id\":\"https:\/\/www.redconare.ac.cr\/#website\",\"url\":\"https:\/\/www.redconare.ac.cr\/\",\"name\":\"RedCONARE\",\"description\":\"Red Avanzada de Investigaci\u00f3n y Educaci\u00f3n del Consejo Nacional de Rectores de Costa Rica\",\"publisher\":{\"@id\":\"https:\/\/www.redconare.ac.cr\/#organization\"},\"potentialAction\":[{\"@type\":\"SearchAction\",\"target\":{\"@type\":\"EntryPoint\",\"urlTemplate\":\"https:\/\/www.redconare.ac.cr\/?s={search_term_string}\"},\"query-input\":{\"@type\":\"PropertyValueSpecification\",\"valueRequired\":true,\"valueName\":\"search_term_string\"}}],\"inLanguage\":\"en-US\"},{\"@type\":\"Organization\",\"@id\":\"https:\/\/www.redconare.ac.cr\/#organization\",\"name\":\"RedCONARE\",\"url\":\"https:\/\/www.redconare.ac.cr\/\",\"logo\":{\"@type\":\"ImageObject\",\"inLanguage\":\"en-US\",\"@id\":\"https:\/\/www.redconare.ac.cr\/#\/schema\/logo\/image\/\",\"url\":\"http:\/\/10.4.255.54\/wp-content\/uploads\/2024\/08\/cropped-RedCONARE-square.png\",\"contentUrl\":\"http:\/\/10.4.255.54\/wp-content\/uploads\/2024\/08\/cropped-RedCONARE-square.png\",\"width\":512,\"height\":512,\"caption\":\"RedCONARE\"},\"image\":{\"@id\":\"https:\/\/www.redconare.ac.cr\/#\/schema\/logo\/image\/\"},\"sameAs\":[\"https:\/\/www.facebook.com\/RedCONARE\",\"https:\/\/x.com\/redconare\"]}]}<\/script>\n<!-- \/ Yoast SEO plugin. -->","yoast_head_json":{"title":"Academia Copernicus Costa Rica - RedCONARE","robots":{"index":"index","follow":"follow","max-snippet":"max-snippet:-1","max-image-preview":"max-image-preview:large","max-video-preview":"max-video-preview:-1"},"canonical":"https:\/\/www.redconare.ac.cr\/en\/academia-copernicus-costa-rica\/","og_locale":"en_US","og_type":"article","og_title":"Academia Copernicus Costa Rica - RedCONARE","og_description":"Webinar virtual Taller presencial Conformaci\u00f3n del Comit\u00e9 Nacional \u00bfQu\u00e9 es el comit\u00e9? El comit\u00e9 es una entidad que act\u00faa como el enlace principal entre las instituciones cient\u00edficas nacionales, el gobierno&hellip;  Leer m\u00e1s","og_url":"https:\/\/www.redconare.ac.cr\/en\/academia-copernicus-costa-rica\/","og_site_name":"RedCONARE","article_publisher":"https:\/\/www.facebook.com\/RedCONARE","article_modified_time":"2024-11-13T17:48:36+00:00","og_image":[{"width":2048,"height":1389,"url":"https:\/\/www.redconare.ac.cr\/wp-content\/uploads\/2024\/08\/Nota-13-mayo-2024-Academia-Copernicus.jpg","type":"image\/jpeg"}],"twitter_card":"summary_large_image","twitter_site":"@redconare","twitter_misc":{"Est. reading time":"3 minutes"},"schema":{"@context":"https:\/\/schema.org","@graph":[{"@type":"WebPage","@id":"https:\/\/www.redconare.ac.cr\/academia-copernicus-costa-rica\/","url":"https:\/\/www.redconare.ac.cr\/academia-copernicus-costa-rica\/","name":"Academia Copernicus Costa Rica - RedCONARE","isPartOf":{"@id":"https:\/\/www.redconare.ac.cr\/#website"},"primaryImageOfPage":{"@id":"https:\/\/www.redconare.ac.cr\/academia-copernicus-costa-rica\/#primaryimage"},"image":{"@id":"https:\/\/www.redconare.ac.cr\/academia-copernicus-costa-rica\/#primaryimage"},"thumbnailUrl":"https:\/\/www.redconare.ac.cr\/wp-content\/uploads\/2024\/08\/Nota-13-mayo-2024-Academia-Copernicus.jpg","datePublished":"2024-05-13T17:31:28+00:00","dateModified":"2024-11-13T17:48:36+00:00","breadcrumb":{"@id":"https:\/\/www.redconare.ac.cr\/academia-copernicus-costa-rica\/#breadcrumb"},"inLanguage":"en-US","potentialAction":[{"@type":"ReadAction","target":["https:\/\/www.redconare.ac.cr\/academia-copernicus-costa-rica\/"]}]},{"@type":"ImageObject","inLanguage":"en-US","@id":"https:\/\/www.redconare.ac.cr\/academia-copernicus-costa-rica\/#primaryimage","url":"https:\/\/www.redconare.ac.cr\/wp-content\/uploads\/2024\/08\/Nota-13-mayo-2024-Academia-Copernicus.jpg","contentUrl":"https:\/\/www.redconare.ac.cr\/wp-content\/uploads\/2024\/08\/Nota-13-mayo-2024-Academia-Copernicus.jpg","width":2048,"height":1389},{"@type":"BreadcrumbList","@id":"https:\/\/www.redconare.ac.cr\/academia-copernicus-costa-rica\/#breadcrumb","itemListElement":[{"@type":"ListItem","position":1,"name":"Home","item":"https:\/\/www.redconare.ac.cr\/"},{"@type":"ListItem","position":2,"name":"Academia Copernicus Costa Rica"}]},{"@type":"WebSite","@id":"https:\/\/www.redconare.ac.cr\/#website","url":"https:\/\/www.redconare.ac.cr\/","name":"RedCONARE","description":"Red Avanzada de Investigaci\u00f3n y Educaci\u00f3n del Consejo Nacional de Rectores de Costa Rica","publisher":{"@id":"https:\/\/www.redconare.ac.cr\/#organization"},"potentialAction":[{"@type":"SearchAction","target":{"@type":"EntryPoint","urlTemplate":"https:\/\/www.redconare.ac.cr\/?s={search_term_string}"},"query-input":{"@type":"PropertyValueSpecification","valueRequired":true,"valueName":"search_term_string"}}],"inLanguage":"en-US"},{"@type":"Organization","@id":"https:\/\/www.redconare.ac.cr\/#organization","name":"RedCONARE","url":"https:\/\/www.redconare.ac.cr\/","logo":{"@type":"ImageObject","inLanguage":"en-US","@id":"https:\/\/www.redconare.ac.cr\/#\/schema\/logo\/image\/","url":"http:\/\/10.4.255.54\/wp-content\/uploads\/2024\/08\/cropped-RedCONARE-square.png","contentUrl":"http:\/\/10.4.255.54\/wp-content\/uploads\/2024\/08\/cropped-RedCONARE-square.png","width":512,"height":512,"caption":"RedCONARE"},"image":{"@id":"https:\/\/www.redconare.ac.cr\/#\/schema\/logo\/image\/"},"sameAs":["https:\/\/www.facebook.com\/RedCONARE","https:\/\/x.com\/redconare"]}]}},"jetpack_sharing_enabled":true,"_links":{"self":[{"href":"https:\/\/www.redconare.ac.cr\/en\/wp-json\/wp\/v2\/pages\/385","targetHints":{"allow":["GET"]}}],"collection":[{"href":"https:\/\/www.redconare.ac.cr\/en\/wp-json\/wp\/v2\/pages"}],"about":[{"href":"https:\/\/www.redconare.ac.cr\/en\/wp-json\/wp\/v2\/types\/page"}],"author":[{"embeddable":true,"href":"https:\/\/www.redconare.ac.cr\/en\/wp-json\/wp\/v2\/users\/1"}],"replies":[{"embeddable":true,"href":"https:\/\/www.redconare.ac.cr\/en\/wp-json\/wp\/v2\/comments?post=385"}],"version-history":[{"count":0,"href":"https:\/\/www.redconare.ac.cr\/en\/wp-json\/wp\/v2\/pages\/385\/revisions"}],"wp:featuredmedia":[{"embeddable":true,"href":"https:\/\/www.redconare.ac.cr\/en\/wp-json\/wp\/v2\/media\/1668"}],"wp:attachment":[{"href":"https:\/\/www.redconare.ac.cr\/en\/wp-json\/wp\/v2\/media?parent=385"}],"curies":[{"name":"wp","href":"https:\/\/api.w.org\/{rel}","templated":true}]}}