{"id":223,"date":"2023-05-04T00:58:28","date_gmt":"2023-05-04T00:58:28","guid":{"rendered":"https:\/\/www.redconare.ac.cr\/?page_id=223"},"modified":"2024-09-03T11:45:41","modified_gmt":"2024-09-03T17:45:41","slug":"noticias","status":"publish","type":"page","link":"https:\/\/www.redconare.ac.cr\/en\/noticias\/","title":{"rendered":"News"},"content":{"rendered":"<div data-elementor-type=\"wp-page\" data-elementor-id=\"223\" class=\"elementor elementor-223\">\n\t\t\t\t\t\t<section class=\"elementor-section elementor-top-section elementor-element elementor-element-97353ac elementor-section-boxed elementor-section-height-default elementor-section-height-default\" data-id=\"97353ac\" data-element_type=\"section\">\n\t\t\t\t\t\t<div class=\"elementor-container elementor-column-gap-default\">\n\t\t\t\t\t<div class=\"elementor-column elementor-col-100 elementor-top-column elementor-element elementor-element-32b2d31\" data-id=\"32b2d31\" data-element_type=\"column\">\n\t\t\t<div class=\"elementor-widget-wrap elementor-element-populated\">\n\t\t\t\t\t\t<div class=\"elementor-element elementor-element-4f972c0 elementor-widget elementor-widget-shortcode\" data-id=\"4f972c0\" data-element_type=\"widget\" data-widget_type=\"shortcode.default\">\n\t\t\t\t<div class=\"elementor-widget-container\">\n\t\t\t\t\t\t\t<div class=\"elementor-shortcode\">\n\n<div class=\"su-posts su-posts-default-loop\">\n\n\t\n\t\t\t\t\t\n\t\t\t\n\t\t\t<div id=\"su-post-2365\" class=\"su-post\">\n\n\t\t\t\t\t\t\t\t\t<a class=\"su-post-thumbnail\" href=\"https:\/\/www.redconare.ac.cr\/en\/costa-rica-sera-sede-de-tical-2025-con-redconare-como-coanfitriona-del-evento\/\"><img fetchpriority=\"high\" decoding=\"async\" width=\"1296\" height=\"729\" src=\"https:\/\/www.redconare.ac.cr\/wp-content\/uploads\/2025\/06\/1739222766408.jpg\" class=\"attachment-post-thumbnail size-post-thumbnail wp-post-image\" alt=\"\" srcset=\"https:\/\/www.redconare.ac.cr\/wp-content\/uploads\/2025\/06\/1739222766408.jpg 1296w, https:\/\/www.redconare.ac.cr\/wp-content\/uploads\/2025\/06\/1739222766408-300x169.jpg 300w, https:\/\/www.redconare.ac.cr\/wp-content\/uploads\/2025\/06\/1739222766408-1024x576.jpg 1024w, https:\/\/www.redconare.ac.cr\/wp-content\/uploads\/2025\/06\/1739222766408-768x432.jpg 768w, https:\/\/www.redconare.ac.cr\/wp-content\/uploads\/2025\/06\/1739222766408-18x10.jpg 18w\" sizes=\"(max-width: 1296px) 100vw, 1296px\" \/><\/a>\n\t\t\t\t\n\t\t\t\t<h2 class=\"su-post-title\"><a href=\"https:\/\/www.redconare.ac.cr\/en\/costa-rica-sera-sede-de-tical-2025-con-redconare-como-coanfitriona-del-evento\/\">Costa Rica to Host TICAL2025, with RedCONARE as Co-organizer of the Event<\/a><\/h2>\n\n\t\t\t\t<div class=\"su-post-meta\">\n\t\t\t\t\tPosted: 06\/06\/2025\t\t\t\t<\/div>\n\n\t\t\t\t<div class=\"su-post-excerpt\">\n\t\t\t\t\t<p>La capital costarricense se prepara para convertirse en la sede de la pr\u00f3xima edici\u00f3n de TICAL en 2025, reafirmando su posici\u00f3n como un centro clave para la transformaci\u00f3n digital en&hellip;<\/p>\n<p> <a class=\"more-link\" href=\"https:\/\/www.redconare.ac.cr\/en\/costa-rica-sera-sede-de-tical-2025-con-redconare-como-coanfitriona-del-evento\/\">Leer m\u00e1s<\/a><\/p>\n\t\t\t\t<\/div>\n\n\t\t\t\t\n\t\t\t<\/div>\n\n\t\t\t\t\t\n\t\t\t\n\t\t\t<div id=\"su-post-1911\" class=\"su-post\">\n\n\t\t\t\t\t\t\t\t\t<a class=\"su-post-thumbnail\" href=\"https:\/\/www.redconare.ac.cr\/en\/explorando-copernicus-browser-procesamiento-de-imagenes-radar-para-el-monitoreo-y-deteccion-de-inundaciones\/\"><img decoding=\"async\" width=\"1920\" height=\"1080\" src=\"https:\/\/www.redconare.ac.cr\/wp-content\/uploads\/2024\/11\/Taller_28Octubre.jpg\" class=\"attachment-post-thumbnail size-post-thumbnail wp-post-image\" alt=\"\" srcset=\"https:\/\/www.redconare.ac.cr\/wp-content\/uploads\/2024\/11\/Taller_28Octubre.jpg 1920w, https:\/\/www.redconare.ac.cr\/wp-content\/uploads\/2024\/11\/Taller_28Octubre-300x169.jpg 300w, https:\/\/www.redconare.ac.cr\/wp-content\/uploads\/2024\/11\/Taller_28Octubre-1024x576.jpg 1024w, https:\/\/www.redconare.ac.cr\/wp-content\/uploads\/2024\/11\/Taller_28Octubre-768x432.jpg 768w, https:\/\/www.redconare.ac.cr\/wp-content\/uploads\/2024\/11\/Taller_28Octubre-1536x864.jpg 1536w, https:\/\/www.redconare.ac.cr\/wp-content\/uploads\/2024\/11\/Taller_28Octubre-18x10.jpg 18w, https:\/\/www.redconare.ac.cr\/wp-content\/uploads\/2024\/11\/Taller_28Octubre-1320x743.jpg 1320w\" sizes=\"(max-width: 1920px) 100vw, 1920px\" \/><\/a>\n\t\t\t\t\n\t\t\t\t<h2 class=\"su-post-title\"><a href=\"https:\/\/www.redconare.ac.cr\/en\/explorando-copernicus-browser-procesamiento-de-imagenes-radar-para-el-monitoreo-y-deteccion-de-inundaciones\/\">Explorando Copernicus Browser: Procesamiento de im\u00e1genes radar para el monitoreo y detecci\u00f3n de inundaciones<\/a><\/h2>\n\n\t\t\t\t<div class=\"su-post-meta\">\n\t\t\t\t\tPosted: 11\/07\/2024\t\t\t\t<\/div>\n\n\t\t\t\t<div class=\"su-post-excerpt\">\n\t\t\t\t\t<p>El pasado 28 de octubre se llev\u00f3 a cabo un taller de la Academia Copernicus en Costa Rica, enfocado en el procesamiento de im\u00e1genes radar para el monitoreo y detecci\u00f3n&hellip;<\/p>\n<p> <a class=\"more-link\" href=\"https:\/\/www.redconare.ac.cr\/en\/explorando-copernicus-browser-procesamiento-de-imagenes-radar-para-el-monitoreo-y-deteccion-de-inundaciones\/\">Leer m\u00e1s<\/a><\/p>\n\t\t\t\t<\/div>\n\n\t\t\t\t\n\t\t\t<\/div>\n\n\t\t\t\t\t\n\t\t\t\n\t\t\t<div id=\"su-post-1868\" class=\"su-post\">\n\n\t\t\t\t\t\t\t\t\t<a class=\"su-post-thumbnail\" href=\"https:\/\/www.redconare.ac.cr\/en\/spider-en-el-taller-oportunidades-del-programa-horizonte-europa-en-centroamerica\/\"><img decoding=\"async\" width=\"2880\" height=\"1120\" src=\"https:\/\/www.redconare.ac.cr\/wp-content\/uploads\/2024\/11\/SPIDER-Banner-Focus-Group-3.png\" class=\"attachment-post-thumbnail size-post-thumbnail wp-post-image\" alt=\"\" srcset=\"https:\/\/www.redconare.ac.cr\/wp-content\/uploads\/2024\/11\/SPIDER-Banner-Focus-Group-3.png 2880w, https:\/\/www.redconare.ac.cr\/wp-content\/uploads\/2024\/11\/SPIDER-Banner-Focus-Group-3-300x117.png 300w, https:\/\/www.redconare.ac.cr\/wp-content\/uploads\/2024\/11\/SPIDER-Banner-Focus-Group-3-1024x398.png 1024w, https:\/\/www.redconare.ac.cr\/wp-content\/uploads\/2024\/11\/SPIDER-Banner-Focus-Group-3-768x299.png 768w, https:\/\/www.redconare.ac.cr\/wp-content\/uploads\/2024\/11\/SPIDER-Banner-Focus-Group-3-1536x597.png 1536w, https:\/\/www.redconare.ac.cr\/wp-content\/uploads\/2024\/11\/SPIDER-Banner-Focus-Group-3-2048x796.png 2048w, https:\/\/www.redconare.ac.cr\/wp-content\/uploads\/2024\/11\/SPIDER-Banner-Focus-Group-3-18x7.png 18w, https:\/\/www.redconare.ac.cr\/wp-content\/uploads\/2024\/11\/SPIDER-Banner-Focus-Group-3-1320x513.png 1320w\" sizes=\"(max-width: 2880px) 100vw, 2880px\" \/><\/a>\n\t\t\t\t\n\t\t\t\t<h2 class=\"su-post-title\"><a href=\"https:\/\/www.redconare.ac.cr\/en\/spider-en-el-taller-oportunidades-del-programa-horizonte-europa-en-centroamerica\/\">SPIDER en el Taller \u00abOportunidades del Programa Horizonte Europa en Centroam\u00e9rica\u00bb<\/a><\/h2>\n\n\t\t\t\t<div class=\"su-post-meta\">\n\t\t\t\t\tPosted: 11\/05\/2024\t\t\t\t<\/div>\n\n\t\t\t\t<div class=\"su-post-excerpt\">\n\t\t\t\t\t<p>El pasado 16 de octubre, el equipo de SPIDER en Costa Rica particip\u00f3 del taller \u00abOportunidades del Programa Horizonte Europa en Centroam\u00e9rica\u00bb. Este evento, organizado por el MICITT, la Delegaci\u00f3n&hellip;<\/p>\n<p> <a class=\"more-link\" href=\"https:\/\/www.redconare.ac.cr\/en\/spider-en-el-taller-oportunidades-del-programa-horizonte-europa-en-centroamerica\/\">Leer m\u00e1s<\/a><\/p>\n\t\t\t\t<\/div>\n\n\t\t\t\t\n\t\t\t<\/div>\n\n\t\t\t\t\t\n\t\t\t\n\t\t\t<div id=\"su-post-1853\" class=\"su-post\">\n\n\t\t\t\t\t\t\t\t\t<a class=\"su-post-thumbnail\" href=\"https:\/\/www.redconare.ac.cr\/en\/grupo-focal-spider-costa-rica-estrategias-para-una-transformacion-digital-inclusiva\/\"><img loading=\"lazy\" decoding=\"async\" width=\"2880\" height=\"1120\" src=\"https:\/\/www.redconare.ac.cr\/wp-content\/uploads\/2024\/10\/SPIDER-Banner-Focus-Group-1.png\" class=\"attachment-post-thumbnail size-post-thumbnail wp-post-image\" alt=\"\" srcset=\"https:\/\/www.redconare.ac.cr\/wp-content\/uploads\/2024\/10\/SPIDER-Banner-Focus-Group-1.png 2880w, https:\/\/www.redconare.ac.cr\/wp-content\/uploads\/2024\/10\/SPIDER-Banner-Focus-Group-1-300x117.png 300w, https:\/\/www.redconare.ac.cr\/wp-content\/uploads\/2024\/10\/SPIDER-Banner-Focus-Group-1-1024x398.png 1024w, https:\/\/www.redconare.ac.cr\/wp-content\/uploads\/2024\/10\/SPIDER-Banner-Focus-Group-1-768x299.png 768w, https:\/\/www.redconare.ac.cr\/wp-content\/uploads\/2024\/10\/SPIDER-Banner-Focus-Group-1-1536x597.png 1536w, https:\/\/www.redconare.ac.cr\/wp-content\/uploads\/2024\/10\/SPIDER-Banner-Focus-Group-1-2048x796.png 2048w, https:\/\/www.redconare.ac.cr\/wp-content\/uploads\/2024\/10\/SPIDER-Banner-Focus-Group-1-18x7.png 18w, https:\/\/www.redconare.ac.cr\/wp-content\/uploads\/2024\/10\/SPIDER-Banner-Focus-Group-1-1320x513.png 1320w\" sizes=\"(max-width: 2880px) 100vw, 2880px\" \/><\/a>\n\t\t\t\t\n\t\t\t\t<h2 class=\"su-post-title\"><a href=\"https:\/\/www.redconare.ac.cr\/en\/grupo-focal-spider-costa-rica-estrategias-para-una-transformacion-digital-inclusiva\/\">SPIDER Costa Rica Focus Group: Strategies for an Inclusive Digital Transformation<\/a><\/h2>\n\n\t\t\t\t<div class=\"su-post-meta\">\n\t\t\t\t\tPosted: 10\/07\/2024\t\t\t\t<\/div>\n\n\t\t\t\t<div class=\"su-post-excerpt\">\n\t\t\t\t\t<p>On September 19, 2024, the SPIDER Costa Rica focus group was held at the Centro Nacional de Alta Tecnolog\u00eda (CeNAT), Edificio Franklin Chang D\u00edaz,...<\/p>\n<p> <a class=\"more-link\" href=\"https:\/\/www.redconare.ac.cr\/en\/grupo-focal-spider-costa-rica-estrategias-para-una-transformacion-digital-inclusiva\/\">Leer m\u00e1s<\/a><\/p>\n\t\t\t\t<\/div>\n\n\t\t\t\t\n\t\t\t<\/div>\n\n\t\t\t\t\t\n\t\t\t\n\t\t\t<div id=\"su-post-1772\" class=\"su-post\">\n\n\t\t\t\t\t\t\t\t\t<a class=\"su-post-thumbnail\" href=\"https:\/\/www.redconare.ac.cr\/en\/costa-rica-big-data-school-celebra-su-octava-edicion\/\"><img loading=\"lazy\" decoding=\"async\" width=\"2560\" height=\"1707\" src=\"https:\/\/www.redconare.ac.cr\/wp-content\/uploads\/2024\/08\/IMG_0090-1-1-scaled.jpg\" class=\"attachment-post-thumbnail size-post-thumbnail wp-post-image\" alt=\"\" srcset=\"https:\/\/www.redconare.ac.cr\/wp-content\/uploads\/2024\/08\/IMG_0090-1-1-scaled.jpg 2560w, https:\/\/www.redconare.ac.cr\/wp-content\/uploads\/2024\/08\/IMG_0090-1-1-300x200.jpg 300w, https:\/\/www.redconare.ac.cr\/wp-content\/uploads\/2024\/08\/IMG_0090-1-1-1024x683.jpg 1024w, https:\/\/www.redconare.ac.cr\/wp-content\/uploads\/2024\/08\/IMG_0090-1-1-768x512.jpg 768w, https:\/\/www.redconare.ac.cr\/wp-content\/uploads\/2024\/08\/IMG_0090-1-1-1536x1024.jpg 1536w, https:\/\/www.redconare.ac.cr\/wp-content\/uploads\/2024\/08\/IMG_0090-1-1-2048x1365.jpg 2048w, https:\/\/www.redconare.ac.cr\/wp-content\/uploads\/2024\/08\/IMG_0090-1-1-18x12.jpg 18w\" sizes=\"(max-width: 2560px) 100vw, 2560px\" \/><\/a>\n\t\t\t\t\n\t\t\t\t<h2 class=\"su-post-title\"><a href=\"https:\/\/www.redconare.ac.cr\/en\/costa-rica-big-data-school-celebra-su-octava-edicion\/\">Costa Rica Big Data School celebrates its eighth edition<\/a><\/h2>\n\n\t\t\t\t<div class=\"su-post-meta\">\n\t\t\t\t\tPosted: 08\/27\/2024\t\t\t\t<\/div>\n\n\t\t\t\t<div class=\"su-post-excerpt\">\n\t\t\t\t\t<p>La anterior semana del 5 al 9 de agosto se llev\u00f3 a cabo el Costa Rica Big Data School 2024, con la organizaci\u00f3n de la Red Nacional de Investigaci\u00f3n y&hellip;<\/p>\n<p> <a class=\"more-link\" href=\"https:\/\/www.redconare.ac.cr\/en\/costa-rica-big-data-school-celebra-su-octava-edicion\/\">Leer m\u00e1s<\/a><\/p>\n\t\t\t\t<\/div>\n\n\t\t\t\t\n\t\t\t<\/div>\n\n\t\t\t\t\t\n\t\t\t\n\t\t\t<div id=\"su-post-1758\" class=\"su-post\">\n\n\t\t\t\t\t\t\t\t\t<a class=\"su-post-thumbnail\" href=\"https:\/\/www.redconare.ac.cr\/en\/costa-rica-busca-avance-digital-a-traves-del-ingreso-al-proyecto-bella-ii\/\"><img loading=\"lazy\" decoding=\"async\" width=\"1920\" height=\"1080\" src=\"https:\/\/www.redconare.ac.cr\/wp-content\/uploads\/2024\/08\/Viendo-a-traves-de-las-nubes-en-Centroamerica-con-los-satelites-de-Copernicus.png\" class=\"attachment-post-thumbnail size-post-thumbnail wp-post-image\" alt=\"\" srcset=\"https:\/\/www.redconare.ac.cr\/wp-content\/uploads\/2024\/08\/Viendo-a-traves-de-las-nubes-en-Centroamerica-con-los-satelites-de-Copernicus.png 1920w, https:\/\/www.redconare.ac.cr\/wp-content\/uploads\/2024\/08\/Viendo-a-traves-de-las-nubes-en-Centroamerica-con-los-satelites-de-Copernicus-300x169.png 300w, https:\/\/www.redconare.ac.cr\/wp-content\/uploads\/2024\/08\/Viendo-a-traves-de-las-nubes-en-Centroamerica-con-los-satelites-de-Copernicus-1024x576.png 1024w, https:\/\/www.redconare.ac.cr\/wp-content\/uploads\/2024\/08\/Viendo-a-traves-de-las-nubes-en-Centroamerica-con-los-satelites-de-Copernicus-768x432.png 768w, https:\/\/www.redconare.ac.cr\/wp-content\/uploads\/2024\/08\/Viendo-a-traves-de-las-nubes-en-Centroamerica-con-los-satelites-de-Copernicus-1536x864.png 1536w, https:\/\/www.redconare.ac.cr\/wp-content\/uploads\/2024\/08\/Viendo-a-traves-de-las-nubes-en-Centroamerica-con-los-satelites-de-Copernicus-18x10.png 18w\" sizes=\"(max-width: 1920px) 100vw, 1920px\" \/><\/a>\n\t\t\t\t\n\t\t\t\t<h2 class=\"su-post-title\"><a href=\"https:\/\/www.redconare.ac.cr\/en\/costa-rica-busca-avance-digital-a-traves-del-ingreso-al-proyecto-bella-ii\/\">Costa Rica seeks digital advancement through BELLA II project<\/a><\/h2>\n\n\t\t\t\t<div class=\"su-post-meta\">\n\t\t\t\t\tPosted: 08\/27\/2024\t\t\t\t<\/div>\n\n\t\t\t\t<div class=\"su-post-excerpt\">\n\t\t\t\t\t<p>En un esfuerzo por potenciar su ecosistema digital y fomentar el desarrollo tecnol\u00f3gico, Costa Rica busca unirse al proyecto BELLA II (Building the Europe Link to Latin America and the&hellip;<\/p>\n<p> <a class=\"more-link\" href=\"https:\/\/www.redconare.ac.cr\/en\/costa-rica-busca-avance-digital-a-traves-del-ingreso-al-proyecto-bella-ii\/\">Leer m\u00e1s<\/a><\/p>\n\t\t\t\t<\/div>\n\n\t\t\t\t\n\t\t\t<\/div>\n\n\t\t\t\t\t\n\t\t\t\n\t\t\t<div id=\"su-post-1439\" class=\"su-post\">\n\n\t\t\t\t\t\t\t\t\t<a class=\"su-post-thumbnail\" href=\"https:\/\/www.redconare.ac.cr\/en\/redconare-fortalece-la-conectividad-en-universidades-estatales-de-costa-rica\/\"><img loading=\"lazy\" decoding=\"async\" width=\"1456\" height=\"628\" src=\"https:\/\/www.redconare.ac.cr\/wp-content\/uploads\/2024\/07\/EDUROAM-\u2013-Worldwide-Education-Roaming-for-Research-amp-Education____-1.png\" class=\"attachment-post-thumbnail size-post-thumbnail wp-post-image\" alt=\"\" srcset=\"https:\/\/www.redconare.ac.cr\/wp-content\/uploads\/2024\/07\/EDUROAM-\u2013-Worldwide-Education-Roaming-for-Research-amp-Education____-1.png 1456w, https:\/\/www.redconare.ac.cr\/wp-content\/uploads\/2024\/07\/EDUROAM-\u2013-Worldwide-Education-Roaming-for-Research-amp-Education____-1-300x129.png 300w, https:\/\/www.redconare.ac.cr\/wp-content\/uploads\/2024\/07\/EDUROAM-\u2013-Worldwide-Education-Roaming-for-Research-amp-Education____-1-1024x442.png 1024w, https:\/\/www.redconare.ac.cr\/wp-content\/uploads\/2024\/07\/EDUROAM-\u2013-Worldwide-Education-Roaming-for-Research-amp-Education____-1-768x331.png 768w, https:\/\/www.redconare.ac.cr\/wp-content\/uploads\/2024\/07\/EDUROAM-\u2013-Worldwide-Education-Roaming-for-Research-amp-Education____-1-18x8.png 18w\" sizes=\"(max-width: 1456px) 100vw, 1456px\" \/><\/a>\n\t\t\t\t\n\t\t\t\t<h2 class=\"su-post-title\"><a href=\"https:\/\/www.redconare.ac.cr\/en\/redconare-fortalece-la-conectividad-en-universidades-estatales-de-costa-rica\/\">RedCONARE strengthens connectivity in public universities of Costa Rica<\/a><\/h2>\n\n\t\t\t\t<div class=\"su-post-meta\">\n\t\t\t\t\tPosted: 07\/15\/2024\t\t\t\t<\/div>\n\n\t\t\t\t<div class=\"su-post-excerpt\">\n\t\t\t\t\t<p>RedCONARE, the National Research and Education Network of Costa Rica, has played a crucial role in the technological and educational advancement of the country since it joined the Latin American Cooperation<\/p>\n<p> <a class=\"more-link\" href=\"https:\/\/www.redconare.ac.cr\/en\/redconare-fortalece-la-conectividad-en-universidades-estatales-de-costa-rica\/\">Leer m\u00e1s<\/a><\/p>\n\t\t\t\t<\/div>\n\n\t\t\t\t\n\t\t\t<\/div>\n\n\t\t\t\t\t\n\t\t\t\n\t\t\t<div id=\"su-post-1369\" class=\"su-post\">\n\n\t\t\t\t\t\t\t\t\t<a class=\"su-post-thumbnail\" href=\"https:\/\/www.redconare.ac.cr\/en\/spider-foro-de-implementacion-de-dialogos-tuvo-la-primera-reunion-de-sus-grupos-de-trabajo\/\"><img loading=\"lazy\" decoding=\"async\" width=\"2560\" height=\"1707\" src=\"https:\/\/www.redconare.ac.cr\/wp-content\/uploads\/2024\/07\/derek-thomson-NqJYQ3m_rVA-unsplash-scaled.jpg\" class=\"attachment-post-thumbnail size-post-thumbnail wp-post-image\" alt=\"\" srcset=\"https:\/\/www.redconare.ac.cr\/wp-content\/uploads\/2024\/07\/derek-thomson-NqJYQ3m_rVA-unsplash-scaled.jpg 2560w, https:\/\/www.redconare.ac.cr\/wp-content\/uploads\/2024\/07\/derek-thomson-NqJYQ3m_rVA-unsplash-300x200.jpg 300w, https:\/\/www.redconare.ac.cr\/wp-content\/uploads\/2024\/07\/derek-thomson-NqJYQ3m_rVA-unsplash-1024x683.jpg 1024w, https:\/\/www.redconare.ac.cr\/wp-content\/uploads\/2024\/07\/derek-thomson-NqJYQ3m_rVA-unsplash-768x512.jpg 768w, https:\/\/www.redconare.ac.cr\/wp-content\/uploads\/2024\/07\/derek-thomson-NqJYQ3m_rVA-unsplash-1536x1024.jpg 1536w, https:\/\/www.redconare.ac.cr\/wp-content\/uploads\/2024\/07\/derek-thomson-NqJYQ3m_rVA-unsplash-2048x1365.jpg 2048w, https:\/\/www.redconare.ac.cr\/wp-content\/uploads\/2024\/07\/derek-thomson-NqJYQ3m_rVA-unsplash-18x12.jpg 18w\" sizes=\"(max-width: 2560px) 100vw, 2560px\" \/><\/a>\n\t\t\t\t\n\t\t\t\t<h2 class=\"su-post-title\"><a href=\"https:\/\/www.redconare.ac.cr\/en\/spider-foro-de-implementacion-de-dialogos-tuvo-la-primera-reunion-de-sus-grupos-de-trabajo\/\">SPIDER: Dialogues Implementation Forum held the first meeting of its working groups<\/a><\/h2>\n\n\t\t\t\t<div class=\"su-post-meta\">\n\t\t\t\t\tPosted: 07\/10\/2024\t\t\t\t<\/div>\n\n\t\t\t\t<div class=\"su-post-excerpt\">\n\t\t\t\t\t<p>On Wednesday, June 26th, the launching meeting of the EU-LAC Strategic Partnership Dialogue Implementation Forum for the implementation of digital dialogues in<\/p>\n<p> <a class=\"more-link\" href=\"https:\/\/www.redconare.ac.cr\/en\/spider-foro-de-implementacion-de-dialogos-tuvo-la-primera-reunion-de-sus-grupos-de-trabajo\/\">Leer m\u00e1s<\/a><\/p>\n\t\t\t\t<\/div>\n\n\t\t\t\t\n\t\t\t<\/div>\n\n\t\t\t\t\t\n\t\t\t\n\t\t\t<div id=\"su-post-445\" class=\"su-post\">\n\n\t\t\t\t\t\t\t\t\t<a class=\"su-post-thumbnail\" href=\"https:\/\/www.redconare.ac.cr\/en\/spider-el-proyecto-de-transformacion-digital-entre-europa-y-america-latina-en-el-que-participa-redconare\/\"><img loading=\"lazy\" decoding=\"async\" width=\"1024\" height=\"705\" src=\"https:\/\/www.redconare.ac.cr\/wp-content\/uploads\/2024\/08\/IMG_7627-1-1024x705-1.jpeg\" class=\"attachment-post-thumbnail size-post-thumbnail wp-post-image\" alt=\"\" srcset=\"https:\/\/www.redconare.ac.cr\/wp-content\/uploads\/2024\/08\/IMG_7627-1-1024x705-1.jpeg 1024w, https:\/\/www.redconare.ac.cr\/wp-content\/uploads\/2024\/08\/IMG_7627-1-1024x705-1-300x207.jpeg 300w, https:\/\/www.redconare.ac.cr\/wp-content\/uploads\/2024\/08\/IMG_7627-1-1024x705-1-768x529.jpeg 768w, https:\/\/www.redconare.ac.cr\/wp-content\/uploads\/2024\/08\/IMG_7627-1-1024x705-1-18x12.jpeg 18w\" sizes=\"(max-width: 1024px) 100vw, 1024px\" \/><\/a>\n\t\t\t\t\n\t\t\t\t<h2 class=\"su-post-title\"><a href=\"https:\/\/www.redconare.ac.cr\/en\/spider-el-proyecto-de-transformacion-digital-entre-europa-y-america-latina-en-el-que-participa-redconare\/\">SPIDER: the digital transformation project between Europe and Latin America involving RedCONARE<\/a><\/h2>\n\n\t\t\t\t<div class=\"su-post-meta\">\n\t\t\t\t\tPosted: 05\/14\/2024\t\t\t\t<\/div>\n\n\t\t\t\t<div class=\"su-post-excerpt\">\n\t\t\t\t\t<p>SPIDER is a project funded by the European Union (EU) Framework Program for Research and Innovation, which seeks to extend dialogues on digitization, innovation and research,...<\/p>\n<p> <a class=\"more-link\" href=\"https:\/\/www.redconare.ac.cr\/en\/spider-el-proyecto-de-transformacion-digital-entre-europa-y-america-latina-en-el-que-participa-redconare\/\">Leer m\u00e1s<\/a><\/p>\n\t\t\t\t<\/div>\n\n\t\t\t\t\n\t\t\t<\/div>\n\n\t\t\t\t\t\n\t\t\t\n\t\t\t<div id=\"su-post-398\" class=\"su-post\">\n\n\t\t\t\t\t\t\t\t\t<a class=\"su-post-thumbnail\" href=\"https:\/\/www.redconare.ac.cr\/en\/taller-academia-copernicus\/\"><img loading=\"lazy\" decoding=\"async\" width=\"2048\" height=\"1389\" src=\"https:\/\/www.redconare.ac.cr\/wp-content\/uploads\/2024\/08\/Nota-13-mayo-2024-Academia-Copernicus.jpg\" class=\"attachment-post-thumbnail size-post-thumbnail wp-post-image\" alt=\"\" srcset=\"https:\/\/www.redconare.ac.cr\/wp-content\/uploads\/2024\/08\/Nota-13-mayo-2024-Academia-Copernicus.jpg 2048w, https:\/\/www.redconare.ac.cr\/wp-content\/uploads\/2024\/08\/Nota-13-mayo-2024-Academia-Copernicus-300x203.jpg 300w, https:\/\/www.redconare.ac.cr\/wp-content\/uploads\/2024\/08\/Nota-13-mayo-2024-Academia-Copernicus-1024x695.jpg 1024w, https:\/\/www.redconare.ac.cr\/wp-content\/uploads\/2024\/08\/Nota-13-mayo-2024-Academia-Copernicus-768x521.jpg 768w, https:\/\/www.redconare.ac.cr\/wp-content\/uploads\/2024\/08\/Nota-13-mayo-2024-Academia-Copernicus-1536x1042.jpg 1536w, https:\/\/www.redconare.ac.cr\/wp-content\/uploads\/2024\/08\/Nota-13-mayo-2024-Academia-Copernicus-18x12.jpg 18w\" sizes=\"(max-width: 2048px) 100vw, 2048px\" \/><\/a>\n\t\t\t\t\n\t\t\t\t<h2 class=\"su-post-title\"><a href=\"https:\/\/www.redconare.ac.cr\/en\/taller-academia-copernicus\/\">RedCONARE leads Copernicus project implementation in Costa Rica<\/a><\/h2>\n\n\t\t\t\t<div class=\"su-post-meta\">\n\t\t\t\t\tPosted: 05\/13\/2024\t\t\t\t<\/div>\n\n\t\t\t\t<div class=\"su-post-excerpt\">\n\t\t\t\t\t<p>The first workshop of the Copernicus Academy \"Application and processing of Copernicus data\" was completed on 11 April...<\/p>\n<p> <a class=\"more-link\" href=\"https:\/\/www.redconare.ac.cr\/en\/taller-academia-copernicus\/\">Leer m\u00e1s<\/a><\/p>\n\t\t\t\t<\/div>\n\n\t\t\t\t\n\t\t\t<\/div>\n\n\t\t\n\t\n<\/div>\n\n<\/div>\n\t\t\t\t\t\t<\/div>\n\t\t\t\t<\/div>\n\t\t\t\t\t<\/div>\n\t\t<\/div>\n\t\t\t\t\t<\/div>\n\t\t<\/section>\n\t\t\t\t<\/div>","protected":false},"excerpt":{"rendered":"","protected":false},"author":1,"featured_media":1824,"parent":0,"menu_order":0,"comment_status":"closed","ping_status":"closed","template":"","meta":{"footnotes":""},"class_list":["post-223","page","type-page","status-publish","has-post-thumbnail"],"yoast_head":"<!-- This site is optimized with the Yoast SEO plugin v25.2 - https:\/\/yoast.com\/wordpress\/plugins\/seo\/ -->\n<title>Noticias - RedCONARE<\/title>\n<meta name=\"robots\" content=\"index, follow, max-snippet:-1, max-image-preview:large, max-video-preview:-1\" \/>\n<link rel=\"canonical\" href=\"https:\/\/www.redconare.ac.cr\/en\/noticias\/\" \/>\n<meta property=\"og:locale\" content=\"en_US\" \/>\n<meta property=\"og:type\" content=\"article\" \/>\n<meta property=\"og:title\" content=\"Noticias - RedCONARE\" \/>\n<meta property=\"og:url\" content=\"https:\/\/www.redconare.ac.cr\/en\/noticias\/\" \/>\n<meta property=\"og:site_name\" content=\"RedCONARE\" \/>\n<meta property=\"article:publisher\" content=\"https:\/\/www.facebook.com\/RedCONARE\" \/>\n<meta property=\"article:modified_time\" content=\"2024-09-03T17:45:41+00:00\" \/>\n<meta property=\"og:image\" content=\"https:\/\/www.redconare.ac.cr\/wp-content\/uploads\/2024\/09\/banner-1.jpg\" \/>\n\t<meta property=\"og:image:width\" content=\"1920\" \/>\n\t<meta property=\"og:image:height\" content=\"1200\" \/>\n\t<meta property=\"og:image:type\" content=\"image\/jpeg\" \/>\n<meta name=\"twitter:card\" content=\"summary_large_image\" \/>\n<meta name=\"twitter:site\" content=\"@redconare\" \/>\n<meta name=\"twitter:label1\" content=\"Est. reading time\" \/>\n\t<meta name=\"twitter:data1\" content=\"1 minute\" \/>\n<script type=\"application\/ld+json\" class=\"yoast-schema-graph\">{\"@context\":\"https:\/\/schema.org\",\"@graph\":[{\"@type\":\"WebPage\",\"@id\":\"https:\/\/www.redconare.ac.cr\/noticias\/\",\"url\":\"https:\/\/www.redconare.ac.cr\/noticias\/\",\"name\":\"Noticias - RedCONARE\",\"isPartOf\":{\"@id\":\"https:\/\/www.redconare.ac.cr\/#website\"},\"primaryImageOfPage\":{\"@id\":\"https:\/\/www.redconare.ac.cr\/noticias\/#primaryimage\"},\"image\":{\"@id\":\"https:\/\/www.redconare.ac.cr\/noticias\/#primaryimage\"},\"thumbnailUrl\":\"https:\/\/www.redconare.ac.cr\/wp-content\/uploads\/2024\/09\/banner-1.jpg\",\"datePublished\":\"2023-05-04T00:58:28+00:00\",\"dateModified\":\"2024-09-03T17:45:41+00:00\",\"breadcrumb\":{\"@id\":\"https:\/\/www.redconare.ac.cr\/noticias\/#breadcrumb\"},\"inLanguage\":\"en-US\",\"potentialAction\":[{\"@type\":\"ReadAction\",\"target\":[\"https:\/\/www.redconare.ac.cr\/noticias\/\"]}]},{\"@type\":\"ImageObject\",\"inLanguage\":\"en-US\",\"@id\":\"https:\/\/www.redconare.ac.cr\/noticias\/#primaryimage\",\"url\":\"https:\/\/www.redconare.ac.cr\/wp-content\/uploads\/2024\/09\/banner-1.jpg\",\"contentUrl\":\"https:\/\/www.redconare.ac.cr\/wp-content\/uploads\/2024\/09\/banner-1.jpg\",\"width\":1920,\"height\":1200},{\"@type\":\"BreadcrumbList\",\"@id\":\"https:\/\/www.redconare.ac.cr\/noticias\/#breadcrumb\",\"itemListElement\":[{\"@type\":\"ListItem\",\"position\":1,\"name\":\"Home\",\"item\":\"https:\/\/www.redconare.ac.cr\/\"},{\"@type\":\"ListItem\",\"position\":2,\"name\":\"Noticias\"}]},{\"@type\":\"WebSite\",\"@id\":\"https:\/\/www.redconare.ac.cr\/#website\",\"url\":\"https:\/\/www.redconare.ac.cr\/\",\"name\":\"RedCONARE\",\"description\":\"Red Avanzada de Investigaci\u00f3n y Educaci\u00f3n del Consejo Nacional de Rectores de Costa Rica\",\"publisher\":{\"@id\":\"https:\/\/www.redconare.ac.cr\/#organization\"},\"potentialAction\":[{\"@type\":\"SearchAction\",\"target\":{\"@type\":\"EntryPoint\",\"urlTemplate\":\"https:\/\/www.redconare.ac.cr\/?s={search_term_string}\"},\"query-input\":{\"@type\":\"PropertyValueSpecification\",\"valueRequired\":true,\"valueName\":\"search_term_string\"}}],\"inLanguage\":\"en-US\"},{\"@type\":\"Organization\",\"@id\":\"https:\/\/www.redconare.ac.cr\/#organization\",\"name\":\"RedCONARE\",\"url\":\"https:\/\/www.redconare.ac.cr\/\",\"logo\":{\"@type\":\"ImageObject\",\"inLanguage\":\"en-US\",\"@id\":\"https:\/\/www.redconare.ac.cr\/#\/schema\/logo\/image\/\",\"url\":\"http:\/\/10.4.255.54\/wp-content\/uploads\/2024\/08\/cropped-RedCONARE-square.png\",\"contentUrl\":\"http:\/\/10.4.255.54\/wp-content\/uploads\/2024\/08\/cropped-RedCONARE-square.png\",\"width\":512,\"height\":512,\"caption\":\"RedCONARE\"},\"image\":{\"@id\":\"https:\/\/www.redconare.ac.cr\/#\/schema\/logo\/image\/\"},\"sameAs\":[\"https:\/\/www.facebook.com\/RedCONARE\",\"https:\/\/x.com\/redconare\"]}]}<\/script>\n<!-- \/ Yoast SEO plugin. -->","yoast_head_json":{"title":"Noticias - RedCONARE","robots":{"index":"index","follow":"follow","max-snippet":"max-snippet:-1","max-image-preview":"max-image-preview:large","max-video-preview":"max-video-preview:-1"},"canonical":"https:\/\/www.redconare.ac.cr\/en\/noticias\/","og_locale":"en_US","og_type":"article","og_title":"Noticias - RedCONARE","og_url":"https:\/\/www.redconare.ac.cr\/en\/noticias\/","og_site_name":"RedCONARE","article_publisher":"https:\/\/www.facebook.com\/RedCONARE","article_modified_time":"2024-09-03T17:45:41+00:00","og_image":[{"width":1920,"height":1200,"url":"https:\/\/www.redconare.ac.cr\/wp-content\/uploads\/2024\/09\/banner-1.jpg","type":"image\/jpeg"}],"twitter_card":"summary_large_image","twitter_site":"@redconare","twitter_misc":{"Est. reading time":"1 minute"},"schema":{"@context":"https:\/\/schema.org","@graph":[{"@type":"WebPage","@id":"https:\/\/www.redconare.ac.cr\/noticias\/","url":"https:\/\/www.redconare.ac.cr\/noticias\/","name":"Noticias - RedCONARE","isPartOf":{"@id":"https:\/\/www.redconare.ac.cr\/#website"},"primaryImageOfPage":{"@id":"https:\/\/www.redconare.ac.cr\/noticias\/#primaryimage"},"image":{"@id":"https:\/\/www.redconare.ac.cr\/noticias\/#primaryimage"},"thumbnailUrl":"https:\/\/www.redconare.ac.cr\/wp-content\/uploads\/2024\/09\/banner-1.jpg","datePublished":"2023-05-04T00:58:28+00:00","dateModified":"2024-09-03T17:45:41+00:00","breadcrumb":{"@id":"https:\/\/www.redconare.ac.cr\/noticias\/#breadcrumb"},"inLanguage":"en-US","potentialAction":[{"@type":"ReadAction","target":["https:\/\/www.redconare.ac.cr\/noticias\/"]}]},{"@type":"ImageObject","inLanguage":"en-US","@id":"https:\/\/www.redconare.ac.cr\/noticias\/#primaryimage","url":"https:\/\/www.redconare.ac.cr\/wp-content\/uploads\/2024\/09\/banner-1.jpg","contentUrl":"https:\/\/www.redconare.ac.cr\/wp-content\/uploads\/2024\/09\/banner-1.jpg","width":1920,"height":1200},{"@type":"BreadcrumbList","@id":"https:\/\/www.redconare.ac.cr\/noticias\/#breadcrumb","itemListElement":[{"@type":"ListItem","position":1,"name":"Home","item":"https:\/\/www.redconare.ac.cr\/"},{"@type":"ListItem","position":2,"name":"Noticias"}]},{"@type":"WebSite","@id":"https:\/\/www.redconare.ac.cr\/#website","url":"https:\/\/www.redconare.ac.cr\/","name":"RedCONARE","description":"Red Avanzada de Investigaci\u00f3n y Educaci\u00f3n del Consejo Nacional de Rectores de Costa Rica","publisher":{"@id":"https:\/\/www.redconare.ac.cr\/#organization"},"potentialAction":[{"@type":"SearchAction","target":{"@type":"EntryPoint","urlTemplate":"https:\/\/www.redconare.ac.cr\/?s={search_term_string}"},"query-input":{"@type":"PropertyValueSpecification","valueRequired":true,"valueName":"search_term_string"}}],"inLanguage":"en-US"},{"@type":"Organization","@id":"https:\/\/www.redconare.ac.cr\/#organization","name":"RedCONARE","url":"https:\/\/www.redconare.ac.cr\/","logo":{"@type":"ImageObject","inLanguage":"en-US","@id":"https:\/\/www.redconare.ac.cr\/#\/schema\/logo\/image\/","url":"http:\/\/10.4.255.54\/wp-content\/uploads\/2024\/08\/cropped-RedCONARE-square.png","contentUrl":"http:\/\/10.4.255.54\/wp-content\/uploads\/2024\/08\/cropped-RedCONARE-square.png","width":512,"height":512,"caption":"RedCONARE"},"image":{"@id":"https:\/\/www.redconare.ac.cr\/#\/schema\/logo\/image\/"},"sameAs":["https:\/\/www.facebook.com\/RedCONARE","https:\/\/x.com\/redconare"]}]}},"jetpack_sharing_enabled":true,"_links":{"self":[{"href":"https:\/\/www.redconare.ac.cr\/en\/wp-json\/wp\/v2\/pages\/223","targetHints":{"allow":["GET"]}}],"collection":[{"href":"https:\/\/www.redconare.ac.cr\/en\/wp-json\/wp\/v2\/pages"}],"about":[{"href":"https:\/\/www.redconare.ac.cr\/en\/wp-json\/wp\/v2\/types\/page"}],"author":[{"embeddable":true,"href":"https:\/\/www.redconare.ac.cr\/en\/wp-json\/wp\/v2\/users\/1"}],"replies":[{"embeddable":true,"href":"https:\/\/www.redconare.ac.cr\/en\/wp-json\/wp\/v2\/comments?post=223"}],"version-history":[{"count":0,"href":"https:\/\/www.redconare.ac.cr\/en\/wp-json\/wp\/v2\/pages\/223\/revisions"}],"wp:featuredmedia":[{"embeddable":true,"href":"https:\/\/www.redconare.ac.cr\/en\/wp-json\/wp\/v2\/media\/1824"}],"wp:attachment":[{"href":"https:\/\/www.redconare.ac.cr\/en\/wp-json\/wp\/v2\/media?parent=223"}],"curies":[{"name":"wp","href":"https:\/\/api.w.org\/{rel}","templated":true}]}}